{"id":18266,"date":"2023-04-17T14:31:38","date_gmt":"2023-04-17T12:31:38","guid":{"rendered":"https:\/\/www.vulcania.com\/?page_id=18266"},"modified":"2023-09-11T10:45:27","modified_gmt":"2023-09-11T08:45:27","slug":"accessibility-rates","status":"publish","type":"page","link":"https:\/\/www.vulcania.com\/en\/accessibility-rates\/","title":{"rendered":"Rates for groups with disabilities"},"content":{"rendered":"<div class=\"wpb-content-wrapper\"><p>[vc_row][vc_column][vc_column_text css=&#8221;.vc_custom_1687505906524{margin-bottom: 15px !important;}&#8221;]<\/p>\n<p style=\"text-align: justify;\">All prices for visits for groups of 5 or more people with disabilities, valid from 29 March to 5 November 2023.<\/p>\n<p>[\/vc_column_text][\/vc_column][\/vc_row][vc_row][vc_column][vc_separator el_class=&#8221;separateur&#8221;][\/vc_column][\/vc_row][vc_row][vc_column width=&#8221;1\/2&#8243;][vc_column_text el_class=&#8221;jolie-liste&#8221;]<\/p>\n<h2><strong>Park entrance<\/strong> fees<\/h2>\n<p>[\/vc_column_text][vc_row_inner][vc_column_inner el_class=&#8221;bloc clair rayon&#8221;][vc_column_text]<\/p>\n<h3>You are in a group of 5 or more people with disabilities<\/h3>\n<p>You can take advantage of group rates and one free adult ticket for every 5 paying visitors (booking required at least 8 days before the date of the visit). <a href=\"\/en\/a-la-carte-group-rates\/\" target=\"_blank\" rel=\"noopener\">\u00bb\u00a0Group rates<\/a>[\/vc_column_text][vc_btn title=&#8221;Download the booking form&#8221; el_class=&#8221;bouton coul-1&#8243; link=&#8221;url:https%3A%2F%2Fwww.vulcania.com%2Fwp-content%2Fuploads%2F2023%2F04%2FVulcania-Fiche-de-r%C3%A9sa-Groupe-situation-de-Handicap-2023.xlsx&#8221;][\/vc_column_inner][\/vc_row_inner][vc_row_inner][vc_column_inner el_class=&#8221;bloc clair rayon&#8221;][vc_column_text]<\/p>\n<h3>You are in a school group of 5 or more people with disabilities<\/h3>\n<p>The price per pupil is \u20ac12.50 and you get one free ticket for every 5 people who pay.[\/vc_column_text][vc_column_text]<\/p>\n<h3>As part of an individual visit<\/h3>\n<p>The park&#8217;s reduced rate applies on presentation of proof of entitlement.[\/vc_column_text][vc_btn title=&#8221;See individual reduced rates&#8221; el_class=&#8221;bouton coul-1&#8243; link=&#8221;url:%2Fen%2Freduced-rates-tickets%2F|target:_blank&#8221;][\/vc_column_inner][\/vc_row_inner][\/vc_column][vc_column width=&#8221;1\/2&#8243;][vc_column_text el_class=&#8221;jolie-liste&#8221;]<\/p>\n<h2>Rates for <strong>visiting services<\/strong><\/h2>\n<p>[\/vc_column_text][vc_column_text]Enjoy a guided tour adapted to your disability.<br \/>\nThese rates apply to groups of 5 or more people, subject to prior booking, and are in addition to the park entrance fee.[\/vc_column_text][vc_column_text]<\/p>\n<table style=\"width: 100%; height: 323px;\" border=\"3\" width=\"100%\" cellspacing=\"0\" cellpadding=\"0\">\n<tbody>\n<tr style=\"height: 48px;\">\n<td style=\"width: 58.9606%; height: 120px;\" rowspan=\"2\"><strong>Guided tour<\/strong><br \/>\n5 to 15 people with motor, visual or cognitive disabilities<\/td>\n<td style=\"width: 39.9642%; height: 48px;\"><strong>\u20ac11.00 per person<\/strong><br \/>\nFull-day escort 10am to 5pm<\/td>\n<\/tr>\n<tr style=\"height: 72px;\">\n<td style=\"width: 39.9642%; height: 72px;\"><strong>\u20ac6.50 per person<\/strong><br \/>\nAccompaniment 1\/2 day 10h\/13h or 14h\/17h<\/td>\n<\/tr>\n<tr style=\"height: 72px;\">\n<td style=\"width: 58.9606%; height: 72px;\"><strong>Workshop-visit (adult or child)<\/strong><br \/>\n5 to 10 people with cognitive or visual disabilities<\/td>\n<td style=\"width: 39.9642%; height: 72px;\"><strong>\u20ac7.00 per person<\/strong><br \/>\n2-hour tour<\/td>\n<\/tr>\n<tr style=\"height: 59px;\">\n<td style=\"width: 58.9606%; height: 59px;\"><strong>Sign language tour (LSF) with guide + interpreter<\/strong><br \/>\n5 to 15 people with a hearing disability<\/td>\n<td style=\"width: 39.9642%; height: 59px;\"><strong>\u20ac6.50 per person<\/strong><br \/>\n2-hour tour<\/td>\n<\/tr>\n<tr style=\"height: 72px;\">\n<td style=\"width: 58.9606%; height: 72px;\"><strong>Educational tour<\/strong><br \/>\nfor 5 or more people with motor, visual or cognitive disabilities<\/td>\n<td style=\"width: 39.9642%; height: 72px;\"><strong>\u20ac3.50 per person<\/strong><br \/>\n1 hour visit<\/td>\n<\/tr>\n<\/tbody>\n<\/table>\n<p>[\/vc_column_text][\/vc_column][\/vc_row][vc_row][vc_column][vc_separator el_class=&#8221;separateur&#8221;][\/vc_column][\/vc_row][vc_row][vc_column][vc_column_text el_class=&#8221;jolie-liste&#8221;]<\/p>\n<h2>Your <strong>benefits<\/strong><\/h2>\n<p>[\/vc_column_text][vc_column_text el_class=&#8221;jolie-liste&#8221;]<\/p>\n<ul>\n<li style=\"text-align: justify;\"><strong>1 free admission for every 5 paying visitors (applicable to adult and school group rates).<\/strong><\/li>\n<li style=\"text-align: justify;\"><strong>Application fees are free.<\/strong><\/li>\n<li style=\"text-align: justify;\">Children under 3 are our guests.<\/li>\n<li style=\"text-align: justify;\">Assistance dogs are allowed on site.<\/li>\n<li style=\"text-align: justify;\">Facilitated access to events, as well as for 3 accompanying persons, on presentation of a valid &#8220;disability card&#8221;, &#8220;priority card for disabled persons&#8221; or &#8220;awkward standing card&#8221;. Waiting areas have been set up for your convenience at each of the events (please report any difficulties at the ticket office).<\/li>\n<li style=\"text-align: justify;\">Wheelchairs, audioguides and videoguides can be loaned on presentation of proof.<\/li>\n<\/ul>\n<p>[\/vc_column_text][\/vc_column][\/vc_row][vc_row][vc_column el_class=&#8221;bloc sombre rayon&#8221;][vc_column_text el_class=&#8221;jolie-liste&#8221; css=&#8221;.vc_custom_1687506711254{margin-bottom: 15px !important;}&#8221;]<\/p>\n<h2>Book<\/h2>\n<p>&nbsp;<\/p>\n<p>Individual fares are available on presentation of a receipt at the ticket office.<\/p>\n<p>All group rates apply by reservation only.<\/p>\n<ul>\n<li>Contact the Reservations department on +33(0)4 73 19 70 98 or <a href=\"mailto:reservation@vulcania.com\" target=\"_blank\" rel=\"noopener\">by e-mail<\/a>.<\/li>\n<li>Fill in the online booking form corresponding to your choice and return it to us <a href=\"mailto:reservation@vulcania.com\" target=\"_blank\" rel=\"noopener\">by e-mail<\/a> or post no later than 8 days before the date of the visit.<\/li>\n<\/ul>\n<p>[\/vc_column_text][vc_btn title=&#8221;Download the booking form&#8221; link=&#8221;url:https%3A%2F%2Fwww.vulcania.com%2Fwp-content%2Fuploads%2F2023%2F04%2FVulcania-Fiche-de-r%C3%A9sa-Groupe-situation-de-Handicap-2023.xlsx&#8221; el_class=&#8221;bouton coul-1&#8243;][\/vc_column][\/vc_row][vc_row][vc_column][vc_empty_space height=&#8221;30&#8243;][\/vc_column][\/vc_row]<\/p>\n<\/div>","protected":false},"excerpt":{"rendered":"<p>[vc_row][vc_column][vc_column_text css=&#8221;.vc_custom_1687505906524{margin-bottom: 15px !important;}&#8221;] All prices for visits for groups of 5 or more people with disabilities, valid from 29 March to 5 November 2023. [\/vc_column_text][\/vc_column][\/vc_row][vc_row][vc_column][vc_separator el_class=&#8221;separateur&#8221;][\/vc_column][\/vc_row][vc_row][vc_column width=&#8221;1\/2&#8243;][vc_column_text el_class=&#8221;jolie-liste&#8221;] Park entrance fees [\/vc_column_text][vc_row_inner][vc_column_inner el_class=&#8221;bloc clair rayon&#8221;][vc_column_text] You are in a group of 5 or more people with disabilities You can take advantage of group rates [&hellip;]<\/p>\n","protected":false},"author":2,"featured_media":0,"parent":0,"menu_order":0,"comment_status":"closed","ping_status":"closed","template":"","meta":{"_acf_changed":false,"_relevanssi_hide_post":"","_relevanssi_hide_content":"","_relevanssi_pin_for_all":"","_relevanssi_pin_keywords":"","_relevanssi_unpin_keywords":"","_relevanssi_related_keywords":"","_relevanssi_related_include_ids":"","_relevanssi_related_exclude_ids":"","_relevanssi_related_no_append":"","_relevanssi_related_not_related":"","_relevanssi_related_posts":"","_relevanssi_noindex_reason":"","footnotes":""},"acf":[],"yoast_head":"<!-- This site is optimized with the Yoast SEO plugin v22.9 - https:\/\/yoast.com\/wordpress\/plugins\/seo\/ -->\n<title>Tourism and Disability rates - Vulcania<\/title>\n<meta name=\"description\" content=\"All the rates for tours for groups of 5 or more people with disabilities, valid throughout the 2023 season.\" \/>\n<meta name=\"robots\" content=\"index, follow, max-snippet:-1, max-image-preview:large, max-video-preview:-1\" \/>\n<link rel=\"canonical\" href=\"https:\/\/www.vulcania.com\/accessibilite-tarifs\/\" \/>\n<meta property=\"og:locale\" content=\"en_US\" \/>\n<meta property=\"og:type\" content=\"article\" \/>\n<meta property=\"og:title\" content=\"Tourism and Disability rates - Vulcania\" \/>\n<meta property=\"og:description\" content=\"All the rates for tours for groups of 5 or more people with disabilities, valid throughout the 2023 season.\" \/>\n<meta property=\"og:url\" content=\"https:\/\/www.vulcania.com\/accessibilite-tarifs\/\" \/>\n<meta property=\"og:site_name\" content=\"Vulcania\" \/>\n<meta property=\"article:publisher\" content=\"https:\/\/www.facebook.com\/ParcVulcania\" \/>\n<meta property=\"article:modified_time\" content=\"2023-09-11T08:45:27+00:00\" \/>\n<meta property=\"og:image\" content=\"https:\/\/www.vulcania.com\/wp-content\/uploads\/2023\/03\/logo-vulcania.png\" \/>\n\t<meta property=\"og:image:width\" content=\"570\" \/>\n\t<meta property=\"og:image:height\" content=\"253\" \/>\n\t<meta property=\"og:image:type\" content=\"image\/png\" \/>\n<meta name=\"twitter:card\" content=\"summary_large_image\" \/>\n<meta name=\"twitter:site\" content=\"@parc_vulcania\" \/>\n<meta name=\"twitter:label1\" content=\"Est. reading time\" \/>\n\t<meta name=\"twitter:data1\" content=\"3 minutes\" \/>\n<script type=\"application\/ld+json\" class=\"yoast-schema-graph\">{\"@context\":\"https:\/\/schema.org\",\"@graph\":[{\"@type\":\"WebPage\",\"@id\":\"https:\/\/www.vulcania.com\/accessibilite-tarifs\/\",\"url\":\"https:\/\/www.vulcania.com\/accessibilite-tarifs\/\",\"name\":\"Tourism and Disability rates - Vulcania\",\"isPartOf\":{\"@id\":\"https:\/\/www.vulcania.com\/#website\"},\"datePublished\":\"2023-04-17T12:31:38+00:00\",\"dateModified\":\"2023-09-11T08:45:27+00:00\",\"description\":\"All the rates for tours for groups of 5 or more people with disabilities, valid throughout the 2023 season.\",\"breadcrumb\":{\"@id\":\"https:\/\/www.vulcania.com\/accessibilite-tarifs\/#breadcrumb\"},\"inLanguage\":\"en-US\",\"potentialAction\":[{\"@type\":\"ReadAction\",\"target\":[\"https:\/\/www.vulcania.com\/accessibilite-tarifs\/\"]}]},{\"@type\":\"BreadcrumbList\",\"@id\":\"https:\/\/www.vulcania.com\/accessibilite-tarifs\/#breadcrumb\",\"itemListElement\":[{\"@type\":\"ListItem\",\"position\":1,\"name\":\"Accueil\",\"item\":\"https:\/\/www.vulcania.com\/en\/\"},{\"@type\":\"ListItem\",\"position\":2,\"name\":\"Rates for groups with disabilities\"}]},{\"@type\":\"WebSite\",\"@id\":\"https:\/\/www.vulcania.com\/#website\",\"url\":\"https:\/\/www.vulcania.com\/\",\"name\":\"Vulcania\",\"description\":\"Parc \u00e0 th\u00e8me au c\u0153ur des volcans d&#039;Auvergne\",\"publisher\":{\"@id\":\"https:\/\/www.vulcania.com\/#organization\"},\"potentialAction\":[{\"@type\":\"SearchAction\",\"target\":{\"@type\":\"EntryPoint\",\"urlTemplate\":\"https:\/\/www.vulcania.com\/?s={search_term_string}\"},\"query-input\":\"required name=search_term_string\"}],\"inLanguage\":\"en-US\"},{\"@type\":\"Organization\",\"@id\":\"https:\/\/www.vulcania.com\/#organization\",\"name\":\"Vulcania\",\"url\":\"https:\/\/www.vulcania.com\/\",\"logo\":{\"@type\":\"ImageObject\",\"inLanguage\":\"en-US\",\"@id\":\"https:\/\/www.vulcania.com\/#\/schema\/logo\/image\/\",\"url\":\"https:\/\/www.vulcania.com\/wp-content\/uploads\/2023\/03\/logo-vulcania.png\",\"contentUrl\":\"https:\/\/www.vulcania.com\/wp-content\/uploads\/2023\/03\/logo-vulcania.png\",\"width\":570,\"height\":253,\"caption\":\"Vulcania\"},\"image\":{\"@id\":\"https:\/\/www.vulcania.com\/#\/schema\/logo\/image\/\"},\"sameAs\":[\"https:\/\/www.facebook.com\/ParcVulcania\",\"https:\/\/x.com\/parc_vulcania\",\"https:\/\/www.youtube.com\/user\/ParcVulcania\",\"https:\/\/www.instagram.com\/parcvulcania\/\"]}]}<\/script>\n<!-- \/ Yoast SEO plugin. -->","yoast_head_json":{"title":"Tourism and Disability rates - Vulcania","description":"All the rates for tours for groups of 5 or more people with disabilities, valid throughout the 2023 season.","robots":{"index":"index","follow":"follow","max-snippet":"max-snippet:-1","max-image-preview":"max-image-preview:large","max-video-preview":"max-video-preview:-1"},"canonical":"https:\/\/www.vulcania.com\/accessibilite-tarifs\/","og_locale":"en_US","og_type":"article","og_title":"Tourism and Disability rates - Vulcania","og_description":"All the rates for tours for groups of 5 or more people with disabilities, valid throughout the 2023 season.","og_url":"https:\/\/www.vulcania.com\/accessibilite-tarifs\/","og_site_name":"Vulcania","article_publisher":"https:\/\/www.facebook.com\/ParcVulcania","article_modified_time":"2023-09-11T08:45:27+00:00","og_image":[{"width":570,"height":253,"url":"https:\/\/www.vulcania.com\/wp-content\/uploads\/2023\/03\/logo-vulcania.png","type":"image\/png"}],"twitter_card":"summary_large_image","twitter_site":"@parc_vulcania","twitter_misc":{"Est. reading time":"3 minutes"},"schema":{"@context":"https:\/\/schema.org","@graph":[{"@type":"WebPage","@id":"https:\/\/www.vulcania.com\/accessibilite-tarifs\/","url":"https:\/\/www.vulcania.com\/accessibilite-tarifs\/","name":"Tourism and Disability rates - Vulcania","isPartOf":{"@id":"https:\/\/www.vulcania.com\/#website"},"datePublished":"2023-04-17T12:31:38+00:00","dateModified":"2023-09-11T08:45:27+00:00","description":"All the rates for tours for groups of 5 or more people with disabilities, valid throughout the 2023 season.","breadcrumb":{"@id":"https:\/\/www.vulcania.com\/accessibilite-tarifs\/#breadcrumb"},"inLanguage":"en-US","potentialAction":[{"@type":"ReadAction","target":["https:\/\/www.vulcania.com\/accessibilite-tarifs\/"]}]},{"@type":"BreadcrumbList","@id":"https:\/\/www.vulcania.com\/accessibilite-tarifs\/#breadcrumb","itemListElement":[{"@type":"ListItem","position":1,"name":"Accueil","item":"https:\/\/www.vulcania.com\/en\/"},{"@type":"ListItem","position":2,"name":"Rates for groups with disabilities"}]},{"@type":"WebSite","@id":"https:\/\/www.vulcania.com\/#website","url":"https:\/\/www.vulcania.com\/","name":"Vulcania","description":"Parc \u00e0 th\u00e8me au c\u0153ur des volcans d&#039;Auvergne","publisher":{"@id":"https:\/\/www.vulcania.com\/#organization"},"potentialAction":[{"@type":"SearchAction","target":{"@type":"EntryPoint","urlTemplate":"https:\/\/www.vulcania.com\/?s={search_term_string}"},"query-input":"required name=search_term_string"}],"inLanguage":"en-US"},{"@type":"Organization","@id":"https:\/\/www.vulcania.com\/#organization","name":"Vulcania","url":"https:\/\/www.vulcania.com\/","logo":{"@type":"ImageObject","inLanguage":"en-US","@id":"https:\/\/www.vulcania.com\/#\/schema\/logo\/image\/","url":"https:\/\/www.vulcania.com\/wp-content\/uploads\/2023\/03\/logo-vulcania.png","contentUrl":"https:\/\/www.vulcania.com\/wp-content\/uploads\/2023\/03\/logo-vulcania.png","width":570,"height":253,"caption":"Vulcania"},"image":{"@id":"https:\/\/www.vulcania.com\/#\/schema\/logo\/image\/"},"sameAs":["https:\/\/www.facebook.com\/ParcVulcania","https:\/\/x.com\/parc_vulcania","https:\/\/www.youtube.com\/user\/ParcVulcania","https:\/\/www.instagram.com\/parcvulcania\/"]}]}},"_links":{"self":[{"href":"https:\/\/www.vulcania.com\/en\/wp-json\/wp\/v2\/pages\/18266"}],"collection":[{"href":"https:\/\/www.vulcania.com\/en\/wp-json\/wp\/v2\/pages"}],"about":[{"href":"https:\/\/www.vulcania.com\/en\/wp-json\/wp\/v2\/types\/page"}],"author":[{"embeddable":true,"href":"https:\/\/www.vulcania.com\/en\/wp-json\/wp\/v2\/users\/2"}],"replies":[{"embeddable":true,"href":"https:\/\/www.vulcania.com\/en\/wp-json\/wp\/v2\/comments?post=18266"}],"version-history":[{"count":9,"href":"https:\/\/www.vulcania.com\/en\/wp-json\/wp\/v2\/pages\/18266\/revisions"}],"predecessor-version":[{"id":19689,"href":"https:\/\/www.vulcania.com\/en\/wp-json\/wp\/v2\/pages\/18266\/revisions\/19689"}],"wp:attachment":[{"href":"https:\/\/www.vulcania.com\/en\/wp-json\/wp\/v2\/media?parent=18266"}],"curies":[{"name":"wp","href":"https:\/\/api.w.org\/{rel}","templated":true}]}}