{"id":18292,"date":"2023-05-02T18:27:39","date_gmt":"2023-05-02T16:27:39","guid":{"rendered":"https:\/\/www.vulcania.com\/?page_id=18292"},"modified":"2025-04-01T14:50:05","modified_gmt":"2025-04-01T12:50:05","slug":"visitors-with-cognitive-disabilities","status":"publish","type":"page","link":"https:\/\/www.vulcania.com\/en\/visitors-with-cognitive-disabilities\/","title":{"rendered":"Visitors with cognitive disabilities"},"content":{"rendered":"<div class=\"wpb-content-wrapper\"><p>[vc_row][vc_column][vc_column_text el_class=&#8221;intro&#8221;]A world of sensations and emotions.[\/vc_column_text][vc_row_inner content_placement=&#8221;middle&#8221;][vc_column_inner width=&#8221;2\/3&#8243;][vc_column_text el_class=&#8221;jolie-liste&#8221;]<\/p>\n<p style=\"text-align: justify;\"><strong>Vulcania has been awarded the &#8220;<a href=\"\/en\/accessibility\/\" target=\"_blank\" rel=\"noopener\">Tourism and Disability<\/a>&#8221; label for visitors with cognitive impairments, and offers a range of adapted services to make your visit as comfortable as possible.<\/strong><\/p>\n<p style=\"text-align: justify;\">Vulcania&#8217;s attractions offer a wide range of sensations and emotions, and are particularly suited to visitors with mental disabilities. Nevertheless, certain images may offend the sensibilities of some visitors. To help you prepare for your visit, we recommend that you contact us <a href=\"mailto:accessibilite@vulcania.com\" target=\"_blank\" rel=\"noopener\">by e-mail<\/a>.<\/p>\n<p style=\"text-align: justify;\">At the &#8220;Caf\u00e9t\u00e9ria des Puys&#8221;, dishes are presented in the form of photos and staff can help carry the tray if required.<\/p>\n<p style=\"text-align: justify;\"><strong>Complement your visit with a guided tour or workshop-visit<\/strong> &#8220;Volcanoes from top to bottom&#8221; (for groups of 5 or more people with disabilities):<\/p>\n<p>[\/vc_column_text][\/vc_column_inner][vc_column_inner width=&#8221;1\/3&#8243;][vc_single_image image=&#8221;15659&#8243; img_size=&#8221;medium&#8221; onclick=&#8221;custom_link&#8221; img_link_target=&#8221;_blank&#8221; link=&#8221;https:\/\/www.entreprises.gouv.fr\/fr\/tourisme&#8221;][\/vc_column_inner][\/vc_row_inner][vc_btn title=&#8221;Discover our visit services&#8221; link=&#8221;url:%2Fen%2Fvisiting-services%2F|target:_blank&#8221; el_class=&#8221;bouton coul-3&#8243;][\/vc_column][\/vc_row][vc_row full_width=&#8221;stretch_row&#8221; el_class=&#8221;clair&#8221;][vc_column][vc_empty_space height=&#8221;30&#8243;][vc_column_text]<\/p>\n<h2>Discover the accessibility of our events<\/h2>\n<p>[\/vc_column_text][vc_row_inner][vc_column_inner width=&#8221;1\/2&#8243;][vc_column_text css=&#8221;&#8221;]<\/p>\n<h3>Terre en col\u00e8re\u00a0<em>(summer 2025)<\/em><\/h3>\n<p style=\"text-align: justify;\">Dynamic animation that can be frightening. 9 non-dynamic locations at the front of the room, equipped with the interactive voting system.<\/p>\n<p>[\/vc_column_text][vc_column_text css=&#8221;&#8221;]<\/p>\n<h3>R\u00e9veil des G\u00e9ants d\u2019Auvergne<\/h3>\n<p style=\"text-align: justify;\">Dynamic 4D animation that may be frightening. Non-dynamic locations at the back of the room with no sensory effects.<\/p>\n<p>[\/vc_column_text][vc_column_text css=&#8221;&#8221;]<\/p>\n<h3>Volcans Sacr\u00e9s<\/h3>\n<p style=\"text-align: justify;\">Stroboscopic lighting effect. It is not possible to leave the animation during the show.<\/p>\n<p>[\/vc_column_text][vc_column_text css=&#8221;&#8221;]<\/p>\n<h3>Cin\u00e9Max (Ouragan, Regards sur les volcans, Mission Vulcania, Les diables des volcans)<\/h3>\n<p style=\"text-align: justify;\">Accessible (some scenes can be frightening in the film &#8220;Regards sur les volcans&#8221; and &#8220;Ouragan&#8221;).<\/p>\n<p>[\/vc_column_text][vc_column_text]<\/p>\n<h3>S\u00e9ismes<\/h3>\n<p>Accessible; visitors are encouraged to take part in talks given by Vulcania staff (various experiments on offer).[\/vc_column_text][vc_column_text]<\/p>\n<h3>Exhibition \u201cVolcans d&#8217;Auvergne\u201d<\/h3>\n<p>Outdoor tour; accessible. Priority should be given to visits by Vulcania staff.[\/vc_column_text][vc_column_text]<\/p>\n<h3>Namazu<\/h3>\n<p style=\"text-align: left;\">This dynamic attraction can be frightening and is not recommended for people with severe mental disabilities. It is not possible to leave the animation during the show.<br \/>\nTo access Namazu, you must: bend your knees; hold on with at least 1 hand (2 hands for children) to the front of the vehicle for the duration of the attraction; if necessary, be able to climb a 59-step staircase, walk for 100 m and go down a few steps, alone or with the help of a companion.<\/p>\n<p>[\/vc_column_text][vc_column_text]<\/p>\n<h3>Cit\u00e9 des enfants, Galerie Pitoufeu<\/h3>\n<p>Accessible.[\/vc_column_text][\/vc_column_inner][vc_column_inner width=&#8221;1\/2&#8243;][vc_column_text css=&#8221;&#8221;]<\/p>\n<h3>Abyss Explorer<\/h3>\n<p style=\"text-align: left;\">No non-dynamic place: access to the dynamic platform, subject to pathologies likely to be aggravated by the shaking. It is not possible to leave the animation during the show.<\/p>\n<p>[\/vc_column_text][vc_column_text css=&#8221;&#8221;]<\/p>\n<h3>Premier Envol<\/h3>\n<p style=\"text-align: left;\">No non-dynamic site: access to dynamic pods, subject to pathologies likely to be aggravated by shaking. It is not possible to leave the animation during the show.<\/p>\n<p>[\/vc_column_text][vc_column_text css=&#8221;&#8221;]<\/p>\n<h3>Dragon Ride<\/h3>\n<p>Dynamic 4D animation that can be frightening.[\/vc_column_text][vc_column_text]<\/p>\n<h3>La For\u00eat des dragons<\/h3>\n<p>Outdoor course; accessible.[\/vc_column_text][vc_column_text]<\/p>\n<h3>Plan\u00e8te D\u00e9voil\u00e9e, Contes et l\u00e9gendes volcaniques*, Ateliers des volcans, Ateliers du Plan\u00e9tarium, Machine Terre, Exhibition &#8220;Maurice et Katia Krafft&#8221;<\/h3>\n<p>Accessible.[\/vc_column_text][vc_column_text el_class=&#8221;legende_calendrier petit&#8221;]*Stroboscopic light effect possible.[\/vc_column_text][vc_column_text]<\/p>\n<h3>La Maison Pitoufeu, Geyser<\/h3>\n<p>Accessible.[\/vc_column_text][vc_column_text]<\/p>\n<h3>Astrod\u00f4me (Planetarium)<\/h3>\n<p>Accessible.[\/vc_column_text][vc_column_text css=&#8221;&#8221;]<\/p>\n<h3>Terre de volcans<\/h3>\n<p>An immersive, interactive space (images and sounds) that can disrupt your sense of orientation.[\/vc_column_text][\/vc_column_inner][\/vc_row_inner][vc_empty_space height=&#8221;30&#8243;][\/vc_column][\/vc_row]<\/p>\n<\/div>","protected":false},"excerpt":{"rendered":"<p>[vc_row][vc_column][vc_column_text el_class=&#8221;intro&#8221;]A world of sensations and emotions.[\/vc_column_text][vc_row_inner content_placement=&#8221;middle&#8221;][vc_column_inner width=&#8221;2\/3&#8243;][vc_column_text el_class=&#8221;jolie-liste&#8221;] Vulcania has been awarded the &#8220;Tourism and Disability&#8221; label for visitors with cognitive impairments, and offers a range of adapted services to make your visit as comfortable as possible. Vulcania&#8217;s attractions offer a wide range of sensations and emotions, and are particularly suited to visitors [&hellip;]<\/p>\n","protected":false},"author":2,"featured_media":0,"parent":0,"menu_order":0,"comment_status":"closed","ping_status":"closed","template":"","meta":{"_acf_changed":false,"_relevanssi_hide_post":"","_relevanssi_hide_content":"","_relevanssi_pin_for_all":"","_relevanssi_pin_keywords":"","_relevanssi_unpin_keywords":"","_relevanssi_related_keywords":"","_relevanssi_related_include_ids":"","_relevanssi_related_exclude_ids":"","_relevanssi_related_no_append":"","_relevanssi_related_not_related":"","_relevanssi_related_posts":"","_relevanssi_noindex_reason":"","footnotes":""},"acf":[],"yoast_head":"<!-- This site is optimized with the Yoast SEO plugin v22.9 - https:\/\/yoast.com\/wordpress\/plugins\/seo\/ -->\n<title>Visitors with cognitive disabilities - Vulcania<\/title>\n<meta name=\"description\" content=\"Vulcania has been awarded the &quot;Tourism and Disability&quot; label for visitors with cognitive impairments, and offers a range of adapted services.\" \/>\n<meta name=\"robots\" content=\"index, follow, max-snippet:-1, max-image-preview:large, max-video-preview:-1\" \/>\n<link rel=\"canonical\" href=\"https:\/\/www.vulcania.com\/en\/visitors-with-cognitive-disabilities\/\" \/>\n<meta property=\"og:locale\" content=\"en_US\" \/>\n<meta property=\"og:type\" content=\"article\" \/>\n<meta property=\"og:title\" content=\"Visitors with cognitive disabilities - Vulcania\" \/>\n<meta property=\"og:description\" content=\"Vulcania has been awarded the &quot;Tourism and Disability&quot; label for visitors with cognitive impairments, and offers a range of adapted services.\" \/>\n<meta property=\"og:url\" content=\"https:\/\/www.vulcania.com\/en\/visitors-with-cognitive-disabilities\/\" \/>\n<meta property=\"og:site_name\" content=\"Vulcania\" \/>\n<meta property=\"article:publisher\" content=\"https:\/\/www.facebook.com\/ParcVulcania\" \/>\n<meta property=\"article:modified_time\" content=\"2025-04-01T12:50:05+00:00\" \/>\n<meta property=\"og:image\" content=\"https:\/\/www.vulcania.com\/wp-content\/uploads\/2023\/03\/logo-vulcania.png\" \/>\n\t<meta property=\"og:image:width\" content=\"570\" \/>\n\t<meta property=\"og:image:height\" content=\"253\" \/>\n\t<meta property=\"og:image:type\" content=\"image\/png\" \/>\n<meta name=\"twitter:card\" content=\"summary_large_image\" \/>\n<meta name=\"twitter:site\" content=\"@parc_vulcania\" \/>\n<meta name=\"twitter:label1\" content=\"Est. reading time\" \/>\n\t<meta name=\"twitter:data1\" content=\"3 minutes\" \/>\n<script type=\"application\/ld+json\" class=\"yoast-schema-graph\">{\"@context\":\"https:\/\/schema.org\",\"@graph\":[{\"@type\":\"WebPage\",\"@id\":\"https:\/\/www.vulcania.com\/en\/visitors-with-cognitive-disabilities\/\",\"url\":\"https:\/\/www.vulcania.com\/en\/visitors-with-cognitive-disabilities\/\",\"name\":\"Visitors with cognitive disabilities - Vulcania\",\"isPartOf\":{\"@id\":\"https:\/\/www.vulcania.com\/#website\"},\"datePublished\":\"2023-05-02T16:27:39+00:00\",\"dateModified\":\"2025-04-01T12:50:05+00:00\",\"description\":\"Vulcania has been awarded the \\\"Tourism and Disability\\\" label for visitors with cognitive impairments, and offers a range of adapted services.\",\"breadcrumb\":{\"@id\":\"https:\/\/www.vulcania.com\/en\/visitors-with-cognitive-disabilities\/#breadcrumb\"},\"inLanguage\":\"en-US\",\"potentialAction\":[{\"@type\":\"ReadAction\",\"target\":[\"https:\/\/www.vulcania.com\/en\/visitors-with-cognitive-disabilities\/\"]}]},{\"@type\":\"BreadcrumbList\",\"@id\":\"https:\/\/www.vulcania.com\/en\/visitors-with-cognitive-disabilities\/#breadcrumb\",\"itemListElement\":[{\"@type\":\"ListItem\",\"position\":1,\"name\":\"Accueil\",\"item\":\"https:\/\/www.vulcania.com\/en\/\"},{\"@type\":\"ListItem\",\"position\":2,\"name\":\"Visitors with cognitive disabilities\"}]},{\"@type\":\"WebSite\",\"@id\":\"https:\/\/www.vulcania.com\/#website\",\"url\":\"https:\/\/www.vulcania.com\/\",\"name\":\"Vulcania\",\"description\":\"Parc \u00e0 th\u00e8me au c\u0153ur des volcans d&#039;Auvergne\",\"publisher\":{\"@id\":\"https:\/\/www.vulcania.com\/#organization\"},\"potentialAction\":[{\"@type\":\"SearchAction\",\"target\":{\"@type\":\"EntryPoint\",\"urlTemplate\":\"https:\/\/www.vulcania.com\/?s={search_term_string}\"},\"query-input\":\"required name=search_term_string\"}],\"inLanguage\":\"en-US\"},{\"@type\":\"Organization\",\"@id\":\"https:\/\/www.vulcania.com\/#organization\",\"name\":\"Vulcania\",\"url\":\"https:\/\/www.vulcania.com\/\",\"logo\":{\"@type\":\"ImageObject\",\"inLanguage\":\"en-US\",\"@id\":\"https:\/\/www.vulcania.com\/#\/schema\/logo\/image\/\",\"url\":\"https:\/\/www.vulcania.com\/wp-content\/uploads\/2023\/03\/logo-vulcania.png\",\"contentUrl\":\"https:\/\/www.vulcania.com\/wp-content\/uploads\/2023\/03\/logo-vulcania.png\",\"width\":570,\"height\":253,\"caption\":\"Vulcania\"},\"image\":{\"@id\":\"https:\/\/www.vulcania.com\/#\/schema\/logo\/image\/\"},\"sameAs\":[\"https:\/\/www.facebook.com\/ParcVulcania\",\"https:\/\/x.com\/parc_vulcania\",\"https:\/\/www.youtube.com\/user\/ParcVulcania\",\"https:\/\/www.instagram.com\/parcvulcania\/\"]}]}<\/script>\n<!-- \/ Yoast SEO plugin. -->","yoast_head_json":{"title":"Visitors with cognitive disabilities - Vulcania","description":"Vulcania has been awarded the \"Tourism and Disability\" label for visitors with cognitive impairments, and offers a range of adapted services.","robots":{"index":"index","follow":"follow","max-snippet":"max-snippet:-1","max-image-preview":"max-image-preview:large","max-video-preview":"max-video-preview:-1"},"canonical":"https:\/\/www.vulcania.com\/en\/visitors-with-cognitive-disabilities\/","og_locale":"en_US","og_type":"article","og_title":"Visitors with cognitive disabilities - Vulcania","og_description":"Vulcania has been awarded the \"Tourism and Disability\" label for visitors with cognitive impairments, and offers a range of adapted services.","og_url":"https:\/\/www.vulcania.com\/en\/visitors-with-cognitive-disabilities\/","og_site_name":"Vulcania","article_publisher":"https:\/\/www.facebook.com\/ParcVulcania","article_modified_time":"2025-04-01T12:50:05+00:00","og_image":[{"width":570,"height":253,"url":"https:\/\/www.vulcania.com\/wp-content\/uploads\/2023\/03\/logo-vulcania.png","type":"image\/png"}],"twitter_card":"summary_large_image","twitter_site":"@parc_vulcania","twitter_misc":{"Est. reading time":"3 minutes"},"schema":{"@context":"https:\/\/schema.org","@graph":[{"@type":"WebPage","@id":"https:\/\/www.vulcania.com\/en\/visitors-with-cognitive-disabilities\/","url":"https:\/\/www.vulcania.com\/en\/visitors-with-cognitive-disabilities\/","name":"Visitors with cognitive disabilities - Vulcania","isPartOf":{"@id":"https:\/\/www.vulcania.com\/#website"},"datePublished":"2023-05-02T16:27:39+00:00","dateModified":"2025-04-01T12:50:05+00:00","description":"Vulcania has been awarded the \"Tourism and Disability\" label for visitors with cognitive impairments, and offers a range of adapted services.","breadcrumb":{"@id":"https:\/\/www.vulcania.com\/en\/visitors-with-cognitive-disabilities\/#breadcrumb"},"inLanguage":"en-US","potentialAction":[{"@type":"ReadAction","target":["https:\/\/www.vulcania.com\/en\/visitors-with-cognitive-disabilities\/"]}]},{"@type":"BreadcrumbList","@id":"https:\/\/www.vulcania.com\/en\/visitors-with-cognitive-disabilities\/#breadcrumb","itemListElement":[{"@type":"ListItem","position":1,"name":"Accueil","item":"https:\/\/www.vulcania.com\/en\/"},{"@type":"ListItem","position":2,"name":"Visitors with cognitive disabilities"}]},{"@type":"WebSite","@id":"https:\/\/www.vulcania.com\/#website","url":"https:\/\/www.vulcania.com\/","name":"Vulcania","description":"Parc \u00e0 th\u00e8me au c\u0153ur des volcans d&#039;Auvergne","publisher":{"@id":"https:\/\/www.vulcania.com\/#organization"},"potentialAction":[{"@type":"SearchAction","target":{"@type":"EntryPoint","urlTemplate":"https:\/\/www.vulcania.com\/?s={search_term_string}"},"query-input":"required name=search_term_string"}],"inLanguage":"en-US"},{"@type":"Organization","@id":"https:\/\/www.vulcania.com\/#organization","name":"Vulcania","url":"https:\/\/www.vulcania.com\/","logo":{"@type":"ImageObject","inLanguage":"en-US","@id":"https:\/\/www.vulcania.com\/#\/schema\/logo\/image\/","url":"https:\/\/www.vulcania.com\/wp-content\/uploads\/2023\/03\/logo-vulcania.png","contentUrl":"https:\/\/www.vulcania.com\/wp-content\/uploads\/2023\/03\/logo-vulcania.png","width":570,"height":253,"caption":"Vulcania"},"image":{"@id":"https:\/\/www.vulcania.com\/#\/schema\/logo\/image\/"},"sameAs":["https:\/\/www.facebook.com\/ParcVulcania","https:\/\/x.com\/parc_vulcania","https:\/\/www.youtube.com\/user\/ParcVulcania","https:\/\/www.instagram.com\/parcvulcania\/"]}]}},"_links":{"self":[{"href":"https:\/\/www.vulcania.com\/en\/wp-json\/wp\/v2\/pages\/18292"}],"collection":[{"href":"https:\/\/www.vulcania.com\/en\/wp-json\/wp\/v2\/pages"}],"about":[{"href":"https:\/\/www.vulcania.com\/en\/wp-json\/wp\/v2\/types\/page"}],"author":[{"embeddable":true,"href":"https:\/\/www.vulcania.com\/en\/wp-json\/wp\/v2\/users\/2"}],"replies":[{"embeddable":true,"href":"https:\/\/www.vulcania.com\/en\/wp-json\/wp\/v2\/comments?post=18292"}],"version-history":[{"count":8,"href":"https:\/\/www.vulcania.com\/en\/wp-json\/wp\/v2\/pages\/18292\/revisions"}],"predecessor-version":[{"id":27167,"href":"https:\/\/www.vulcania.com\/en\/wp-json\/wp\/v2\/pages\/18292\/revisions\/27167"}],"wp:attachment":[{"href":"https:\/\/www.vulcania.com\/en\/wp-json\/wp\/v2\/media?parent=18292"}],"curies":[{"name":"wp","href":"https:\/\/api.w.org\/{rel}","templated":true}]}}