{"id":1418,"date":"2023-06-02T11:12:55","date_gmt":"2023-06-02T09:12:55","guid":{"rendered":"https:\/\/www.vulcania.com\/science\/?page_id=1418"},"modified":"2025-10-31T10:24:08","modified_gmt":"2025-10-31T09:24:08","slug":"ephemeride-juin","status":"publish","type":"page","link":"https:\/\/www.vulcania.com\/science\/espace\/ephemerides\/ephemeride-juin\/","title":{"rendered":"L&rsquo;\u00e9ph\u00e9m\u00e9ride du mois de juin"},"content":{"rendered":"<div class=\"wpb-content-wrapper\"><p>[vc_row][vc_column width=\u00a0\u00bb1\/12&Prime;][\/vc_column][vc_column width=\u00a0\u00bb10\/12&Prime;][vc_column_text el_class=\u00a0\u00bbintro\u00a0\u00bb]Nous approchons de l\u2019\u00e9t\u00e9 et les beaux jours sont de retours. C\u2019est l\u2019occasion de lever les yeux au ciel et de passer une douce soir\u00e9e d\u2019observation c\u00e9leste.[\/vc_column_text][vc_column_text]<\/p>\n<h2>Quelles constellations observer en juin ?<\/h2>\n<p>Vers 23h00 face au Sud, retrouvez les constellations phares du ciel de printemps tels que le <strong>Lion<\/strong> et son \u00e9toile Denebola, la <strong>Vierge<\/strong> et son \u00e9toile Spica ou bien encore le <strong>Bouvier<\/strong> et son \u00e9toile Arcturus.<\/p>\n<p>D\u00e8s le d\u00e9but de nuit, face \u00e0 l\u2019Est, ce sont les constellations d\u2019\u00e9t\u00e9 qui prendront le relais. Essayez de rep\u00e9rer <strong>Hercule<\/strong>, mais aussi le <strong>triangle d\u2019\u00e9t\u00e9<\/strong> comprenant l\u2019\u00e9toile Vega dans la constellation de la <strong>Lyre<\/strong>, Alta\u00efr et la constellation de l\u2019<strong>Aigle<\/strong> ou encore Deneb et la constellation du <strong>Cygne<\/strong>.[\/vc_column_text][vc_column_text]<\/p>\n<h2>Quelles plan\u00e8tes au rendez-vous\u00a0?<\/h2>\n<p>Face \u00e0 l\u2019Ouest, <strong>V\u00e9nus<\/strong> continuera de briller de mille feux du coucher du Soleil jusqu\u2019en d\u00e9but de nuit. Non loin de la plus brillante des plan\u00e8tes, <strong>Mars<\/strong> (dieu romain de la guerre) traversera la constellation des G\u00e9meaux, pour se rendre dans le Lion. Pour en observer d\u2019autres, il faudra \u00eatre couche-tard ou l\u00e8ve-t\u00f4t pour admirer les deux g\u00e9antes gazeuses <strong>Saturne<\/strong> et <strong>Jupiter<\/strong> qui se l\u00e8veront en milieu de nuit entre 3h00 et 4h00 du matin. Si vous poss\u00e9dez une petite paire de jumelles ou une lunette astronomique, vous pourrez alors distinguer les 4 satellites galil\u00e9ens de Jupiter (<strong>Io<\/strong>, <strong>Europe<\/strong>, <strong>Ganym\u00e8de<\/strong>, <strong>Callisto<\/strong>) ainsi que les majestueux anneaux de Saturne. <strong>Mercure<\/strong> fera aussi son apparition dans le ciel du matin en \u00e9tant tr\u00e8s basse sur l\u2019horizon et noy\u00e9e dans les lueurs du jour.[\/vc_column_text][vc_column_text]<\/p>\n<h2>Des rencontres c\u00e9lestes<\/h2>\n<p>Le rapprochement visuel de deux ou plusieurs astres sur la voute c\u00e9leste, appel\u00e9 <em>conjonction<\/em>, est toujours un moment fascinant pour l\u2019observateur. Plusieurs de ces rendez-vous auront lieu ce mois-ci.<\/p>\n<p>Le <strong>9 juin<\/strong>, aux environs de 5h00 du matin, une belle <strong>Lune<\/strong> gibbeuse viendra rendre visite \u00e0 la plan\u00e8te aux anneaux <strong>Saturne<\/strong>, face \u00e0 l\u2019horizon Est. Au petit matin du <strong>14 juin<\/strong>, ce sera au tour de <strong>Jupiter<\/strong> de rentrer en danse dans un ballet cosmique tr\u00e8s rapproch\u00e9 avec un fin croissant Lunaire. Les deux astres seront espac\u00e9s de moins d\u2019un demi-degr\u00e9 l\u2019un de l\u2019autre, permettant une observation spectaculaire \u00e0 travers une paire de jumelles ou une lunette astronomique. Le <strong>22 juin<\/strong> au coucher du Soleil, ne manquez pas d\u2019admirer un joli alignement entre un croissant lunaire, la plan\u00e8te <strong>Mars<\/strong> et <strong>V\u00e9nus<\/strong>.<\/p>\n<p>Enfin, tout au long de ce mois, on jettera un \u0153il \u00e0 la plan\u00e8te <strong>Mars<\/strong> qui se rapprochera de plus en plus de \u00ab l\u2019\u00e9toile du Berger \u00bb &#8211; <strong>V\u00e9nus<\/strong>, dont le rapprochement sera maximal le <strong>1<sup>er<\/sup> juillet<\/strong>.[\/vc_column_text][vc_column_text]<\/p>\n<h2>Quel est l\u2019\u00e9v\u00e8nement du mois de juin ?<\/h2>\n<p>Le <strong>21 juin \u00e0 16h57<\/strong> aura lieu le <strong>solstice d\u2019\u00e9t\u00e9<\/strong>. Dans l\u2019h\u00e9misph\u00e8re Nord, cette date marque le passage \u00e0 la saison estivale, alors que dans l\u2019h\u00e9misph\u00e8re Sud, elle marque le passage \u00e0 l\u2019hiver. Astronomiquement parlant, c\u2019est \u00e0 cette date que la dur\u00e9e du jour est maximale dans l\u2019h\u00e9misph\u00e8re Nord. C\u2019est aussi \u00e0 cet instant que le Soleil culmine \u00e0 son maximum dans le ciel. Notre \u00e9toile passe alors \u00e0 la verticale du tropique du Cancer. Etymologiquement parlant, \u00ab solstice \u00bb est un emprunt du mot latin \u00ab Solstitium \u00bb (de \u00ab sol = Soleil et \u00ab statum \u00bb issu de \u00ab stare \u00bb qui signifie \u00ab se tenir immobile \u00bb). Au solstice d\u2019\u00e9t\u00e9, le Soleil s\u2019arr\u00eate de monter dans le ciel, pour entamer sa descente vers l\u2019horizon, qui sera maximale au solstice d\u2019hiver.[\/vc_column_text][\/vc_column][vc_column width=\u00a0\u00bb1\/12&Prime;][\/vc_column][\/vc_row][vc_row][vc_column width=\u00a0\u00bb1\/12&Prime;][\/vc_column][vc_column width=\u00a0\u00bb10\/12&Prime;][vc_text_separator title=\u00a0\u00bbExp\u00e9rimentez \u00e0 Vulcania\u00a0\u00bb color=\u00a0\u00bbcustom\u00a0\u00bb style=\u00a0\u00bbdashed\u00a0\u00bb accent_color=\u00a0\u00bb#888888&Prime;][vc_row_inner][vc_column_inner width=\u00a0\u00bb1\/2&Prime;][vc_single_image image=\u00a0\u00bb1285&Prime; img_size=\u00a0\u00bbmedium\u00a0\u00bb style=\u00a0\u00bbvc_box_rounded\u00a0\u00bb onclick=\u00a0\u00bbcustom_link\u00a0\u00bb link=\u00a0\u00bbhttps:\/\/www.vulcania.com\/planetarium\/\u00a0\u00bb][\/vc_column_inner][vc_column_inner width=\u00a0\u00bb1\/2&Prime;][vc_column_text]<\/p>\n<h3>Ce soir dans le ciel<\/h3>\n<p>Laissez-vous embarquer pour une d\u00e9couverte des merveilles du ciel \u00e9toil\u00e9.[\/vc_column_text][vc_btn title=\u00a0\u00bbEn savoir plus sur le plan\u00e9tarium\u00a0\u00bb link=\u00a0\u00bburl:https%3A%2F%2Fwww.vulcania.com%2Fplanetarium%2F\u00a0\u00bb el_class=\u00a0\u00bbbouton coul-1&Prime;][\/vc_column_inner][\/vc_row_inner][\/vc_column][vc_column width=\u00a0\u00bb1\/12&Prime;][\/vc_column][\/vc_row]<\/p>\n<\/div>","protected":false},"excerpt":{"rendered":"<p>[vc_row][vc_column width=\u00a0\u00bb1\/12&Prime;][\/vc_column][vc_column width=\u00a0\u00bb10\/12&Prime;][vc_column_text el_class=\u00a0\u00bbintro\u00a0\u00bb]Nous approchons de l\u2019\u00e9t\u00e9 et les beaux jours sont de retours. C\u2019est l\u2019occasion de lever les yeux au ciel et de passer une douce soir\u00e9e d\u2019observation c\u00e9leste.[\/vc_column_text][vc_column_text] Quelles constellations observer en juin ? Vers 23h00 face au Sud, retrouvez les constellations phares du ciel de printemps tels que le Lion et son [&hellip;]<\/p>\n","protected":false},"author":4,"featured_media":1420,"parent":1325,"menu_order":0,"comment_status":"closed","ping_status":"closed","template":"","meta":{"footnotes":""},"tags":[25,23],"acf":[],"yoast_head":"<!-- This site is optimized with the Yoast SEO plugin v21.9.1 - https:\/\/yoast.com\/wordpress\/plugins\/seo\/ -->\n<title>L&#039;\u00e9ph\u00e9m\u00e9ride du mois de juin<\/title>\n<meta name=\"description\" content=\"D\u00e9couvrez les \u00e9v\u00e9nements astronomiques \u00e0 ne pas manquer en juin, pour profiter du retour des beaux jours sous la vo\u00fbte c\u00e9leste.\" \/>\n<meta name=\"robots\" content=\"index, follow, max-snippet:-1, max-image-preview:large, max-video-preview:-1\" \/>\n<link rel=\"canonical\" href=\"https:\/\/www.vulcania.com\/science\/espace\/ephemerides\/ephemeride-juin\/\" \/>\n<meta property=\"og:locale\" content=\"fr_FR\" \/>\n<meta property=\"og:type\" content=\"article\" \/>\n<meta property=\"og:title\" content=\"L&#039;\u00e9ph\u00e9m\u00e9ride du mois de juin\" \/>\n<meta property=\"og:description\" content=\"D\u00e9couvrez les \u00e9v\u00e9nements astronomiques \u00e0 ne pas manquer en juin, pour profiter du retour des beaux jours sous la vo\u00fbte c\u00e9leste.\" \/>\n<meta property=\"og:url\" content=\"https:\/\/www.vulcania.com\/science\/espace\/ephemerides\/ephemeride-juin\/\" \/>\n<meta property=\"og:site_name\" content=\"Vulcania Sciences\" \/>\n<meta property=\"article:publisher\" content=\"https:\/\/www.facebook.com\/ParcVulcania\" \/>\n<meta property=\"article:modified_time\" content=\"2025-10-31T09:24:08+00:00\" \/>\n<meta property=\"og:image\" content=\"https:\/\/www.vulcania.com\/science\/wp-content\/uploads\/2023\/06\/ephemeride-juin_720x540.jpg\" \/>\n\t<meta property=\"og:image:width\" content=\"720\" \/>\n\t<meta property=\"og:image:height\" content=\"540\" \/>\n\t<meta property=\"og:image:type\" content=\"image\/jpeg\" \/>\n<meta name=\"twitter:card\" content=\"summary_large_image\" \/>\n<meta name=\"twitter:site\" content=\"@parc_vulcania\" \/>\n<meta name=\"twitter:label1\" content=\"Dur\u00e9e de lecture estim\u00e9e\" \/>\n\t<meta name=\"twitter:data1\" content=\"4 minutes\" \/>\n<script type=\"application\/ld+json\" class=\"yoast-schema-graph\">{\"@context\":\"https:\/\/schema.org\",\"@graph\":[{\"@type\":\"WebPage\",\"@id\":\"https:\/\/www.vulcania.com\/science\/espace\/ephemerides\/ephemeride-juin\/\",\"url\":\"https:\/\/www.vulcania.com\/science\/espace\/ephemerides\/ephemeride-juin\/\",\"name\":\"L'\u00e9ph\u00e9m\u00e9ride du mois de juin\",\"isPartOf\":{\"@id\":\"https:\/\/www.vulcania.com\/science\/#website\"},\"datePublished\":\"2023-06-02T09:12:55+00:00\",\"dateModified\":\"2025-10-31T09:24:08+00:00\",\"description\":\"D\u00e9couvrez les \u00e9v\u00e9nements astronomiques \u00e0 ne pas manquer en juin, pour profiter du retour des beaux jours sous la vo\u00fbte c\u00e9leste.\",\"breadcrumb\":{\"@id\":\"https:\/\/www.vulcania.com\/science\/espace\/ephemerides\/ephemeride-juin\/#breadcrumb\"},\"inLanguage\":\"fr-FR\",\"potentialAction\":[{\"@type\":\"ReadAction\",\"target\":[\"https:\/\/www.vulcania.com\/science\/espace\/ephemerides\/ephemeride-juin\/\"]}]},{\"@type\":\"BreadcrumbList\",\"@id\":\"https:\/\/www.vulcania.com\/science\/espace\/ephemerides\/ephemeride-juin\/#breadcrumb\",\"itemListElement\":[{\"@type\":\"ListItem\",\"position\":1,\"name\":\"Accueil\",\"item\":\"https:\/\/www.vulcania.com\/science\/\"},{\"@type\":\"ListItem\",\"position\":2,\"name\":\"Espace\",\"item\":\"https:\/\/www.vulcania.com\/science\/espace\/\"},{\"@type\":\"ListItem\",\"position\":3,\"name\":\"Observer le ciel : \u00e9ph\u00e9m\u00e9rides 2023\",\"item\":\"https:\/\/www.vulcania.com\/science\/espace\/ephemerides\/\"},{\"@type\":\"ListItem\",\"position\":4,\"name\":\"L&rsquo;\u00e9ph\u00e9m\u00e9ride du mois de juin\"}]},{\"@type\":\"WebSite\",\"@id\":\"https:\/\/www.vulcania.com\/science\/#website\",\"url\":\"https:\/\/www.vulcania.com\/science\/\",\"name\":\"Vulcania Sciences\",\"description\":\"\",\"publisher\":{\"@id\":\"https:\/\/www.vulcania.com\/science\/#organization\"},\"potentialAction\":[{\"@type\":\"SearchAction\",\"target\":{\"@type\":\"EntryPoint\",\"urlTemplate\":\"https:\/\/www.vulcania.com\/science\/?s={search_term_string}\"},\"query-input\":\"required name=search_term_string\"}],\"inLanguage\":\"fr-FR\"},{\"@type\":\"Organization\",\"@id\":\"https:\/\/www.vulcania.com\/science\/#organization\",\"name\":\"Vulcania Sciences\",\"url\":\"https:\/\/www.vulcania.com\/science\/\",\"logo\":{\"@type\":\"ImageObject\",\"inLanguage\":\"fr-FR\",\"@id\":\"https:\/\/www.vulcania.com\/science\/#\/schema\/logo\/image\/\",\"url\":\"https:\/\/www.vulcania.com\/science\/wp-content\/uploads\/2017\/06\/logo.png\",\"contentUrl\":\"https:\/\/www.vulcania.com\/science\/wp-content\/uploads\/2017\/06\/logo.png\",\"width\":314,\"height\":142,\"caption\":\"Vulcania Sciences\"},\"image\":{\"@id\":\"https:\/\/www.vulcania.com\/science\/#\/schema\/logo\/image\/\"},\"sameAs\":[\"https:\/\/www.facebook.com\/ParcVulcania\",\"https:\/\/twitter.com\/parc_vulcania\",\"https:\/\/www.youtube.com\/user\/ParcVulcania\"]}]}<\/script>\n<!-- \/ Yoast SEO plugin. -->","yoast_head_json":{"title":"L'\u00e9ph\u00e9m\u00e9ride du mois de juin","description":"D\u00e9couvrez les \u00e9v\u00e9nements astronomiques \u00e0 ne pas manquer en juin, pour profiter du retour des beaux jours sous la vo\u00fbte c\u00e9leste.","robots":{"index":"index","follow":"follow","max-snippet":"max-snippet:-1","max-image-preview":"max-image-preview:large","max-video-preview":"max-video-preview:-1"},"canonical":"https:\/\/www.vulcania.com\/science\/espace\/ephemerides\/ephemeride-juin\/","og_locale":"fr_FR","og_type":"article","og_title":"L'\u00e9ph\u00e9m\u00e9ride du mois de juin","og_description":"D\u00e9couvrez les \u00e9v\u00e9nements astronomiques \u00e0 ne pas manquer en juin, pour profiter du retour des beaux jours sous la vo\u00fbte c\u00e9leste.","og_url":"https:\/\/www.vulcania.com\/science\/espace\/ephemerides\/ephemeride-juin\/","og_site_name":"Vulcania Sciences","article_publisher":"https:\/\/www.facebook.com\/ParcVulcania","article_modified_time":"2025-10-31T09:24:08+00:00","og_image":[{"width":720,"height":540,"url":"https:\/\/www.vulcania.com\/science\/wp-content\/uploads\/2023\/06\/ephemeride-juin_720x540.jpg","type":"image\/jpeg"}],"twitter_card":"summary_large_image","twitter_site":"@parc_vulcania","twitter_misc":{"Dur\u00e9e de lecture estim\u00e9e":"4 minutes"},"schema":{"@context":"https:\/\/schema.org","@graph":[{"@type":"WebPage","@id":"https:\/\/www.vulcania.com\/science\/espace\/ephemerides\/ephemeride-juin\/","url":"https:\/\/www.vulcania.com\/science\/espace\/ephemerides\/ephemeride-juin\/","name":"L'\u00e9ph\u00e9m\u00e9ride du mois de juin","isPartOf":{"@id":"https:\/\/www.vulcania.com\/science\/#website"},"datePublished":"2023-06-02T09:12:55+00:00","dateModified":"2025-10-31T09:24:08+00:00","description":"D\u00e9couvrez les \u00e9v\u00e9nements astronomiques \u00e0 ne pas manquer en juin, pour profiter du retour des beaux jours sous la vo\u00fbte c\u00e9leste.","breadcrumb":{"@id":"https:\/\/www.vulcania.com\/science\/espace\/ephemerides\/ephemeride-juin\/#breadcrumb"},"inLanguage":"fr-FR","potentialAction":[{"@type":"ReadAction","target":["https:\/\/www.vulcania.com\/science\/espace\/ephemerides\/ephemeride-juin\/"]}]},{"@type":"BreadcrumbList","@id":"https:\/\/www.vulcania.com\/science\/espace\/ephemerides\/ephemeride-juin\/#breadcrumb","itemListElement":[{"@type":"ListItem","position":1,"name":"Accueil","item":"https:\/\/www.vulcania.com\/science\/"},{"@type":"ListItem","position":2,"name":"Espace","item":"https:\/\/www.vulcania.com\/science\/espace\/"},{"@type":"ListItem","position":3,"name":"Observer le ciel : \u00e9ph\u00e9m\u00e9rides 2023","item":"https:\/\/www.vulcania.com\/science\/espace\/ephemerides\/"},{"@type":"ListItem","position":4,"name":"L&rsquo;\u00e9ph\u00e9m\u00e9ride du mois de juin"}]},{"@type":"WebSite","@id":"https:\/\/www.vulcania.com\/science\/#website","url":"https:\/\/www.vulcania.com\/science\/","name":"Vulcania Sciences","description":"","publisher":{"@id":"https:\/\/www.vulcania.com\/science\/#organization"},"potentialAction":[{"@type":"SearchAction","target":{"@type":"EntryPoint","urlTemplate":"https:\/\/www.vulcania.com\/science\/?s={search_term_string}"},"query-input":"required name=search_term_string"}],"inLanguage":"fr-FR"},{"@type":"Organization","@id":"https:\/\/www.vulcania.com\/science\/#organization","name":"Vulcania Sciences","url":"https:\/\/www.vulcania.com\/science\/","logo":{"@type":"ImageObject","inLanguage":"fr-FR","@id":"https:\/\/www.vulcania.com\/science\/#\/schema\/logo\/image\/","url":"https:\/\/www.vulcania.com\/science\/wp-content\/uploads\/2017\/06\/logo.png","contentUrl":"https:\/\/www.vulcania.com\/science\/wp-content\/uploads\/2017\/06\/logo.png","width":314,"height":142,"caption":"Vulcania Sciences"},"image":{"@id":"https:\/\/www.vulcania.com\/science\/#\/schema\/logo\/image\/"},"sameAs":["https:\/\/www.facebook.com\/ParcVulcania","https:\/\/twitter.com\/parc_vulcania","https:\/\/www.youtube.com\/user\/ParcVulcania"]}]}},"_links":{"self":[{"href":"https:\/\/www.vulcania.com\/science\/wp-json\/wp\/v2\/pages\/1418"}],"collection":[{"href":"https:\/\/www.vulcania.com\/science\/wp-json\/wp\/v2\/pages"}],"about":[{"href":"https:\/\/www.vulcania.com\/science\/wp-json\/wp\/v2\/types\/page"}],"author":[{"embeddable":true,"href":"https:\/\/www.vulcania.com\/science\/wp-json\/wp\/v2\/users\/4"}],"replies":[{"embeddable":true,"href":"https:\/\/www.vulcania.com\/science\/wp-json\/wp\/v2\/comments?post=1418"}],"version-history":[{"count":3,"href":"https:\/\/www.vulcania.com\/science\/wp-json\/wp\/v2\/pages\/1418\/revisions"}],"predecessor-version":[{"id":1447,"href":"https:\/\/www.vulcania.com\/science\/wp-json\/wp\/v2\/pages\/1418\/revisions\/1447"}],"up":[{"embeddable":true,"href":"https:\/\/www.vulcania.com\/science\/wp-json\/wp\/v2\/pages\/1325"}],"wp:featuredmedia":[{"embeddable":true,"href":"https:\/\/www.vulcania.com\/science\/wp-json\/wp\/v2\/media\/1420"}],"wp:attachment":[{"href":"https:\/\/www.vulcania.com\/science\/wp-json\/wp\/v2\/media?parent=1418"}],"wp:term":[{"taxonomy":"tags","embeddable":true,"href":"https:\/\/www.vulcania.com\/science\/wp-json\/wp\/v2\/tags?post=1418"}],"curies":[{"name":"wp","href":"https:\/\/api.w.org\/{rel}","templated":true}]}}