{"id":1425,"date":"2023-06-29T16:04:18","date_gmt":"2023-06-29T14:04:18","guid":{"rendered":"https:\/\/www.vulcania.com\/science\/?page_id=1425"},"modified":"2025-10-31T10:24:29","modified_gmt":"2025-10-31T09:24:29","slug":"ephemeride-juillet","status":"publish","type":"page","link":"https:\/\/www.vulcania.com\/science\/espace\/ephemerides\/ephemeride-juillet\/","title":{"rendered":"L&rsquo;\u00e9ph\u00e9m\u00e9ride du mois de juillet"},"content":{"rendered":"<div class=\"wpb-content-wrapper\"><p>[vc_row][vc_column width=\u00a0\u00bb1\/12&Prime;][\/vc_column][vc_column width=\u00a0\u00bb10\/12&Prime;][vc_column_text el_class=\u00a0\u00bbintro\u00a0\u00bb]Le mois de juillet est une p\u00e9riode tr\u00e8s favorable pour l\u2019observation de la vo\u00fbte c\u00e9leste.\u00a0En plein c\u0153ur de l\u2019\u00e9t\u00e9, laissez-vous emporter dans les \u00e9toiles, \u00e0 travers les douces nuits estivales.[\/vc_column_text][vc_column_text]<\/p>\n<h2>Quelles constellations observer ?<\/h2>\n<p>Alors que les constellations de printemps vont progressivement tirer leur r\u00e9v\u00e9rence, c\u2019est au tour des constellations d\u2019\u00e9t\u00e9 de se montrer.\u00a0D\u00e8s que la nuit se sera install\u00e9e, essayez de retrouver les 3 \u00e9toiles formant une figure embl\u00e9matique :\u00a0le <strong>triangle d\u2019\u00e9t\u00e9<\/strong>.\u00a0Il culmine pratiquement au-dessus de nos t\u00eates en fin de soir\u00e9e.\u00a0Ce dernier se compose de l\u2019\u00e9toile Vega dans la constellation de la <strong>Lyre<\/strong>, l\u2019\u00e9toile Deneb\u00a0dans la constellation du <strong>Cygne<\/strong> et l\u2019\u00e9toile Alta\u00efr dans la constellation de l\u2019<strong>Aigle<\/strong>. Il est travers\u00e9 par un ruban blanch\u00e2tre traversant le ciel, qui n\u2019est autre que notre galaxie, la voie lact\u00e9e, vue par la tranche. En suivant cette derni\u00e8re vers l\u2019horizon sud, vous rep\u00e9rerez la constellation du <strong>Sagittaire<\/strong> \u00e0 sa gauche et la constellation du <strong>Scorpion<\/strong> \u00e0 sa droite. Entre les deux se trouve le centre de notre galaxie o\u00f9 se trouve la pr\u00e9sence d\u2019un trou noir supermassif au nom de Sagittarius A*,\u00a0situ\u00e9 \u00e0 plus de 26 000 ann\u00e9es-lumi\u00e8re de la Terre.[\/vc_column_text][vc_column_text]<\/p>\n<h2>Quelles plan\u00e8tes au rendez-vous ?<\/h2>\n<p>D\u00e8s le coucher du Soleil, face \u00e0 l\u2019ouest, <strong>V\u00e9nus<\/strong>, la plan\u00e8te la plus brillante du ciel, sera encore observable avec, \u00e0 proximit\u00e9, la plan\u00e8te <strong>Mars<\/strong>. Ces derni\u00e8res se rapprocheront visuellement dans le ciel tout au long de ce mois de juillet.<\/p>\n<p>Pour avoir rendez-vous avec les plan\u00e8tes g\u00e9antes gazeuses, il faudra se coucher tard ou se lever t\u00f4t. Vous pourrez alors observer <strong>Jupiter<\/strong>, qui se l\u00e8vera en d\u00e9but de nuit face \u00e0 l\u2019ouest et <strong>Saturne<\/strong> qui se l\u00e8vera en fin de soir\u00e9e, \u00e0 la fin du mois. Il est encore temps d\u2019admirer ces anneaux \u00e0 travers une paire de jumelles ou un t\u00e9lescope, avant qu\u2019il ne soient visibles par la tranche ces prochaines ann\u00e9es et donc invisibles depuis la Terre.[\/vc_column_text][vc_column_text]<\/p>\n<h2>Des rencontres c\u00e9lestes<\/h2>\n<p>Le rapprochement visuel de deux ou plusieurs astres sur la vo\u00fbte c\u00e9leste, appel\u00e9 <em>conjonction<\/em>, est toujours un moment fascinant pour l\u2019observateur. Plusieurs de ces rendez-vous auront lieu ce mois-ci. D\u00e8s le premier jour de ce mois, <strong>V\u00e9nus<\/strong> aura rendez-vous avec <strong>Mars<\/strong> en d\u00e9but de soir\u00e9e. La d\u00e9esse de l\u2019amour et le dieu romain de la guerre accompagneront vos nuits estivales tout au long de ce mois de juillet. Ce sera au tour de la plan\u00e8te aux anneaux <strong>Saturne<\/strong>\u00a0de croiser la route de la <strong>Lune<\/strong>\u00a0dans les lueurs du jour, au petit matin du <strong>7 juillet<\/strong>. <strong>Jupiter<\/strong> aura elle aussi la chance de partager une partie du ciel avec l\u2019astre s\u00e9l\u00e8ne, le <strong>11 juillet<\/strong> en d\u00e9but de nuit.[\/vc_column_text][vc_column_text]<\/p>\n<h2>Quel est l\u2019\u00e9v\u00e9nement du mois de juillet ?<\/h2>\n<h3>La pluie d\u2019\u00e9toiles filantes des Delta Aquarides<\/h3>\n<p>Si cette derni\u00e8re n\u2019est pas la pluie d\u2019\u00e9toiles filantes la plus impressionnante, contrairement aux <strong>Pers\u00e9ides<\/strong> qui d\u00e9buteront le <strong>23 juillet<\/strong>, elle m\u00e9rite toutefois que l\u2019on s\u2019y int\u00e9resse. Entre la mi-juillet et la mi-ao\u00fbt, la Terre traverse un nuage de poussi\u00e8re laiss\u00e9e par la fragmentation d\u2019une com\u00e8te ayant donn\u00e9 naissance aux com\u00e8tes Marsden et Kracht. Leur pic d\u2019intensit\u00e9 est pr\u00e9vu au soir du <strong>28 juillet<\/strong> avec une possibilit\u00e9 d\u2019observer <strong>une vingtaine de m\u00e9t\u00e9ores par heure<\/strong>, dans un ciel sans pollution lumineuse. Cette pluie d\u2019\u00e9toiles filantes porte ce nom en rapport avec la constellation du <strong>Verseau<\/strong>. Le radiant (zone du ciel o\u00f9 semble provenir ces m\u00e9t\u00e9ores) provient de l\u2019\u00e9toile <strong>Delta Aquarii<\/strong> de cette constellation.<\/p>\n<p>Pour l\u2019observer, soyez patient, \u00e9loignez-vous de la lumi\u00e8re des villes et rep\u00e9rer la constellation du <strong>Verseau<\/strong> se levant face \u00e0 l\u2019est en d\u00e9but de nuit.[\/vc_column_text][\/vc_column][vc_column width=\u00a0\u00bb1\/12&Prime;][\/vc_column][\/vc_row][vc_row][vc_column][vc_text_separator title=\u00a0\u00bbExp\u00e9rimentez \u00e0 Vulcania\u00a0\u00bb color=\u00a0\u00bbcustom\u00a0\u00bb style=\u00a0\u00bbdashed\u00a0\u00bb accent_color=\u00a0\u00bb#888888&Prime;][vc_row_inner][vc_column_inner width=\u00a0\u00bb1\/12&Prime;][\/vc_column_inner][vc_column_inner width=\u00a0\u00bb5\/12&Prime;][vc_single_image image=\u00a0\u00bb1285&Prime; img_size=\u00a0\u00bbmedium\u00a0\u00bb style=\u00a0\u00bbvc_box_rounded\u00a0\u00bb onclick=\u00a0\u00bbcustom_link\u00a0\u00bb link=\u00a0\u00bbhttps:\/\/www.vulcania.com\/planetarium\/\u00a0\u00bb][\/vc_column_inner][vc_column_inner width=\u00a0\u00bb5\/12&Prime;][vc_column_text]<\/p>\n<h3>Ce soir dans le ciel<\/h3>\n<p>Laissez-vous embarquer pour une d\u00e9couverte des merveilles du ciel \u00e9toil\u00e9.[\/vc_column_text][vc_btn title=\u00a0\u00bbEn savoir plus sur le plan\u00e9tarium\u00a0\u00bb link=\u00a0\u00bburl:https%3A%2F%2Fwww.vulcania.com%2Fplanetarium%2F\u00a0\u00bb el_class=\u00a0\u00bbbouton coul-1&Prime;][\/vc_column_inner][vc_column_inner width=\u00a0\u00bb1\/12&Prime;][\/vc_column_inner][\/vc_row_inner][\/vc_column][\/vc_row]<\/p>\n<\/div>","protected":false},"excerpt":{"rendered":"<p>[vc_row][vc_column width=\u00a0\u00bb1\/12&Prime;][\/vc_column][vc_column width=\u00a0\u00bb10\/12&Prime;][vc_column_text el_class=\u00a0\u00bbintro\u00a0\u00bb]Le mois de juillet est une p\u00e9riode tr\u00e8s favorable pour l\u2019observation de la vo\u00fbte c\u00e9leste.\u00a0En plein c\u0153ur de l\u2019\u00e9t\u00e9, laissez-vous emporter dans les \u00e9toiles, \u00e0 travers les douces nuits estivales.[\/vc_column_text][vc_column_text] Quelles constellations observer ? Alors que les constellations de printemps vont progressivement tirer leur r\u00e9v\u00e9rence, c\u2019est au tour des constellations d\u2019\u00e9t\u00e9 de [&hellip;]<\/p>\n","protected":false},"author":4,"featured_media":1426,"parent":1325,"menu_order":0,"comment_status":"closed","ping_status":"closed","template":"","meta":{"footnotes":""},"tags":[25,23],"acf":[],"yoast_head":"<!-- This site is optimized with the Yoast SEO plugin v21.9.1 - https:\/\/yoast.com\/wordpress\/plugins\/seo\/ -->\n<title>L&#039;\u00e9ph\u00e9m\u00e9ride du mois de juillet<\/title>\n<meta name=\"description\" content=\"D\u00e9couvrez les \u00e9v\u00e9nements astronomiques \u00e0 ne pas manquer en juillet, pour un \u00e9t\u00e9 inoubliable sous la vo\u00fbte c\u00e9leste.\" \/>\n<meta name=\"robots\" content=\"index, follow, max-snippet:-1, max-image-preview:large, max-video-preview:-1\" \/>\n<link rel=\"canonical\" href=\"https:\/\/www.vulcania.com\/science\/espace\/ephemerides\/ephemeride-juillet\/\" \/>\n<meta property=\"og:locale\" content=\"fr_FR\" \/>\n<meta property=\"og:type\" content=\"article\" \/>\n<meta property=\"og:title\" content=\"L&#039;\u00e9ph\u00e9m\u00e9ride du mois de juillet\" \/>\n<meta property=\"og:description\" content=\"D\u00e9couvrez les \u00e9v\u00e9nements astronomiques \u00e0 ne pas manquer en juillet, pour un \u00e9t\u00e9 inoubliable sous la vo\u00fbte c\u00e9leste.\" \/>\n<meta property=\"og:url\" content=\"https:\/\/www.vulcania.com\/science\/espace\/ephemerides\/ephemeride-juillet\/\" \/>\n<meta property=\"og:site_name\" content=\"Vulcania Sciences\" \/>\n<meta property=\"article:publisher\" content=\"https:\/\/www.facebook.com\/ParcVulcania\" \/>\n<meta property=\"article:modified_time\" content=\"2025-10-31T09:24:29+00:00\" \/>\n<meta property=\"og:image\" content=\"https:\/\/www.vulcania.com\/science\/wp-content\/uploads\/2023\/06\/ephemeride-juillet_720x540.jpg\" \/>\n\t<meta property=\"og:image:width\" content=\"720\" \/>\n\t<meta property=\"og:image:height\" content=\"540\" \/>\n\t<meta property=\"og:image:type\" content=\"image\/jpeg\" \/>\n<meta name=\"twitter:card\" content=\"summary_large_image\" \/>\n<meta name=\"twitter:site\" content=\"@parc_vulcania\" \/>\n<meta name=\"twitter:label1\" content=\"Dur\u00e9e de lecture estim\u00e9e\" \/>\n\t<meta name=\"twitter:data1\" content=\"4 minutes\" \/>\n<script type=\"application\/ld+json\" class=\"yoast-schema-graph\">{\"@context\":\"https:\/\/schema.org\",\"@graph\":[{\"@type\":\"WebPage\",\"@id\":\"https:\/\/www.vulcania.com\/science\/espace\/ephemerides\/ephemeride-juillet\/\",\"url\":\"https:\/\/www.vulcania.com\/science\/espace\/ephemerides\/ephemeride-juillet\/\",\"name\":\"L'\u00e9ph\u00e9m\u00e9ride du mois de juillet\",\"isPartOf\":{\"@id\":\"https:\/\/www.vulcania.com\/science\/#website\"},\"datePublished\":\"2023-06-29T14:04:18+00:00\",\"dateModified\":\"2025-10-31T09:24:29+00:00\",\"description\":\"D\u00e9couvrez les \u00e9v\u00e9nements astronomiques \u00e0 ne pas manquer en juillet, pour un \u00e9t\u00e9 inoubliable sous la vo\u00fbte c\u00e9leste.\",\"breadcrumb\":{\"@id\":\"https:\/\/www.vulcania.com\/science\/espace\/ephemerides\/ephemeride-juillet\/#breadcrumb\"},\"inLanguage\":\"fr-FR\",\"potentialAction\":[{\"@type\":\"ReadAction\",\"target\":[\"https:\/\/www.vulcania.com\/science\/espace\/ephemerides\/ephemeride-juillet\/\"]}]},{\"@type\":\"BreadcrumbList\",\"@id\":\"https:\/\/www.vulcania.com\/science\/espace\/ephemerides\/ephemeride-juillet\/#breadcrumb\",\"itemListElement\":[{\"@type\":\"ListItem\",\"position\":1,\"name\":\"Accueil\",\"item\":\"https:\/\/www.vulcania.com\/science\/\"},{\"@type\":\"ListItem\",\"position\":2,\"name\":\"Espace\",\"item\":\"https:\/\/www.vulcania.com\/science\/espace\/\"},{\"@type\":\"ListItem\",\"position\":3,\"name\":\"Observer le ciel : \u00e9ph\u00e9m\u00e9rides 2023\",\"item\":\"https:\/\/www.vulcania.com\/science\/espace\/ephemerides\/\"},{\"@type\":\"ListItem\",\"position\":4,\"name\":\"L&rsquo;\u00e9ph\u00e9m\u00e9ride du mois de juillet\"}]},{\"@type\":\"WebSite\",\"@id\":\"https:\/\/www.vulcania.com\/science\/#website\",\"url\":\"https:\/\/www.vulcania.com\/science\/\",\"name\":\"Vulcania Sciences\",\"description\":\"\",\"publisher\":{\"@id\":\"https:\/\/www.vulcania.com\/science\/#organization\"},\"potentialAction\":[{\"@type\":\"SearchAction\",\"target\":{\"@type\":\"EntryPoint\",\"urlTemplate\":\"https:\/\/www.vulcania.com\/science\/?s={search_term_string}\"},\"query-input\":\"required name=search_term_string\"}],\"inLanguage\":\"fr-FR\"},{\"@type\":\"Organization\",\"@id\":\"https:\/\/www.vulcania.com\/science\/#organization\",\"name\":\"Vulcania Sciences\",\"url\":\"https:\/\/www.vulcania.com\/science\/\",\"logo\":{\"@type\":\"ImageObject\",\"inLanguage\":\"fr-FR\",\"@id\":\"https:\/\/www.vulcania.com\/science\/#\/schema\/logo\/image\/\",\"url\":\"https:\/\/www.vulcania.com\/science\/wp-content\/uploads\/2017\/06\/logo.png\",\"contentUrl\":\"https:\/\/www.vulcania.com\/science\/wp-content\/uploads\/2017\/06\/logo.png\",\"width\":314,\"height\":142,\"caption\":\"Vulcania Sciences\"},\"image\":{\"@id\":\"https:\/\/www.vulcania.com\/science\/#\/schema\/logo\/image\/\"},\"sameAs\":[\"https:\/\/www.facebook.com\/ParcVulcania\",\"https:\/\/twitter.com\/parc_vulcania\",\"https:\/\/www.youtube.com\/user\/ParcVulcania\"]}]}<\/script>\n<!-- \/ Yoast SEO plugin. -->","yoast_head_json":{"title":"L'\u00e9ph\u00e9m\u00e9ride du mois de juillet","description":"D\u00e9couvrez les \u00e9v\u00e9nements astronomiques \u00e0 ne pas manquer en juillet, pour un \u00e9t\u00e9 inoubliable sous la vo\u00fbte c\u00e9leste.","robots":{"index":"index","follow":"follow","max-snippet":"max-snippet:-1","max-image-preview":"max-image-preview:large","max-video-preview":"max-video-preview:-1"},"canonical":"https:\/\/www.vulcania.com\/science\/espace\/ephemerides\/ephemeride-juillet\/","og_locale":"fr_FR","og_type":"article","og_title":"L'\u00e9ph\u00e9m\u00e9ride du mois de juillet","og_description":"D\u00e9couvrez les \u00e9v\u00e9nements astronomiques \u00e0 ne pas manquer en juillet, pour un \u00e9t\u00e9 inoubliable sous la vo\u00fbte c\u00e9leste.","og_url":"https:\/\/www.vulcania.com\/science\/espace\/ephemerides\/ephemeride-juillet\/","og_site_name":"Vulcania Sciences","article_publisher":"https:\/\/www.facebook.com\/ParcVulcania","article_modified_time":"2025-10-31T09:24:29+00:00","og_image":[{"width":720,"height":540,"url":"https:\/\/www.vulcania.com\/science\/wp-content\/uploads\/2023\/06\/ephemeride-juillet_720x540.jpg","type":"image\/jpeg"}],"twitter_card":"summary_large_image","twitter_site":"@parc_vulcania","twitter_misc":{"Dur\u00e9e de lecture estim\u00e9e":"4 minutes"},"schema":{"@context":"https:\/\/schema.org","@graph":[{"@type":"WebPage","@id":"https:\/\/www.vulcania.com\/science\/espace\/ephemerides\/ephemeride-juillet\/","url":"https:\/\/www.vulcania.com\/science\/espace\/ephemerides\/ephemeride-juillet\/","name":"L'\u00e9ph\u00e9m\u00e9ride du mois de juillet","isPartOf":{"@id":"https:\/\/www.vulcania.com\/science\/#website"},"datePublished":"2023-06-29T14:04:18+00:00","dateModified":"2025-10-31T09:24:29+00:00","description":"D\u00e9couvrez les \u00e9v\u00e9nements astronomiques \u00e0 ne pas manquer en juillet, pour un \u00e9t\u00e9 inoubliable sous la vo\u00fbte c\u00e9leste.","breadcrumb":{"@id":"https:\/\/www.vulcania.com\/science\/espace\/ephemerides\/ephemeride-juillet\/#breadcrumb"},"inLanguage":"fr-FR","potentialAction":[{"@type":"ReadAction","target":["https:\/\/www.vulcania.com\/science\/espace\/ephemerides\/ephemeride-juillet\/"]}]},{"@type":"BreadcrumbList","@id":"https:\/\/www.vulcania.com\/science\/espace\/ephemerides\/ephemeride-juillet\/#breadcrumb","itemListElement":[{"@type":"ListItem","position":1,"name":"Accueil","item":"https:\/\/www.vulcania.com\/science\/"},{"@type":"ListItem","position":2,"name":"Espace","item":"https:\/\/www.vulcania.com\/science\/espace\/"},{"@type":"ListItem","position":3,"name":"Observer le ciel : \u00e9ph\u00e9m\u00e9rides 2023","item":"https:\/\/www.vulcania.com\/science\/espace\/ephemerides\/"},{"@type":"ListItem","position":4,"name":"L&rsquo;\u00e9ph\u00e9m\u00e9ride du mois de juillet"}]},{"@type":"WebSite","@id":"https:\/\/www.vulcania.com\/science\/#website","url":"https:\/\/www.vulcania.com\/science\/","name":"Vulcania Sciences","description":"","publisher":{"@id":"https:\/\/www.vulcania.com\/science\/#organization"},"potentialAction":[{"@type":"SearchAction","target":{"@type":"EntryPoint","urlTemplate":"https:\/\/www.vulcania.com\/science\/?s={search_term_string}"},"query-input":"required name=search_term_string"}],"inLanguage":"fr-FR"},{"@type":"Organization","@id":"https:\/\/www.vulcania.com\/science\/#organization","name":"Vulcania Sciences","url":"https:\/\/www.vulcania.com\/science\/","logo":{"@type":"ImageObject","inLanguage":"fr-FR","@id":"https:\/\/www.vulcania.com\/science\/#\/schema\/logo\/image\/","url":"https:\/\/www.vulcania.com\/science\/wp-content\/uploads\/2017\/06\/logo.png","contentUrl":"https:\/\/www.vulcania.com\/science\/wp-content\/uploads\/2017\/06\/logo.png","width":314,"height":142,"caption":"Vulcania Sciences"},"image":{"@id":"https:\/\/www.vulcania.com\/science\/#\/schema\/logo\/image\/"},"sameAs":["https:\/\/www.facebook.com\/ParcVulcania","https:\/\/twitter.com\/parc_vulcania","https:\/\/www.youtube.com\/user\/ParcVulcania"]}]}},"_links":{"self":[{"href":"https:\/\/www.vulcania.com\/science\/wp-json\/wp\/v2\/pages\/1425"}],"collection":[{"href":"https:\/\/www.vulcania.com\/science\/wp-json\/wp\/v2\/pages"}],"about":[{"href":"https:\/\/www.vulcania.com\/science\/wp-json\/wp\/v2\/types\/page"}],"author":[{"embeddable":true,"href":"https:\/\/www.vulcania.com\/science\/wp-json\/wp\/v2\/users\/4"}],"replies":[{"embeddable":true,"href":"https:\/\/www.vulcania.com\/science\/wp-json\/wp\/v2\/comments?post=1425"}],"version-history":[{"count":4,"href":"https:\/\/www.vulcania.com\/science\/wp-json\/wp\/v2\/pages\/1425\/revisions"}],"predecessor-version":[{"id":1446,"href":"https:\/\/www.vulcania.com\/science\/wp-json\/wp\/v2\/pages\/1425\/revisions\/1446"}],"up":[{"embeddable":true,"href":"https:\/\/www.vulcania.com\/science\/wp-json\/wp\/v2\/pages\/1325"}],"wp:featuredmedia":[{"embeddable":true,"href":"https:\/\/www.vulcania.com\/science\/wp-json\/wp\/v2\/media\/1426"}],"wp:attachment":[{"href":"https:\/\/www.vulcania.com\/science\/wp-json\/wp\/v2\/media?parent=1425"}],"wp:term":[{"taxonomy":"tags","embeddable":true,"href":"https:\/\/www.vulcania.com\/science\/wp-json\/wp\/v2\/tags?post=1425"}],"curies":[{"name":"wp","href":"https:\/\/api.w.org\/{rel}","templated":true}]}}