{"id":375,"date":"2021-03-31T16:20:10","date_gmt":"2021-03-31T14:20:10","guid":{"rendered":"https:\/\/www.vulcania.com\/science\/?page_id=375"},"modified":"2023-03-22T10:09:36","modified_gmt":"2023-03-22T09:09:36","slug":"le-cantal","status":"publish","type":"page","link":"https:\/\/www.vulcania.com\/science\/auvergne\/volcans-dauvergne\/le-cantal\/","title":{"rendered":"Le Cantal"},"content":{"rendered":"<div class=\"wpb-content-wrapper\"><p>[vc_row el_class=\u00a0\u00bbbloc-titre\u00a0\u00bb][vc_column width=\u00a0\u00bb1\/12&Prime;][\/vc_column][vc_column width=\u00a0\u00bb10\/12&Prime;][vc_column_text]Avec pr\u00e8s de 70 km de diam\u00e8tre, le massif du Cantal forme le\u00a0<b>plus grand volcan d\u2019Europe<\/b>. Bien qu\u2019il culmine \u00e0 1 855 m au Plomb du Cantal, le centre de son activit\u00e9 volcanique correspondrait plut\u00f4t au Puy Griou ; ce relief, parfaitement conique, est un\u00a0<b>d\u00f4me de <a href=\"\/science\/reperes\/glossaire\/#1668609475556-e3433bbc-f5891aa2-532d\" target=\"_blank\" rel=\"noopener\">phonolite<\/a><\/b>\u00a0\u00e2g\u00e9 de 6,7 millions d\u2019ann\u00e9es (Ma), largement entam\u00e9 par l\u2019\u00e9rosion. Le Cantal est a priori un volcan \u00e9teint. Il diff\u00e8re des volcans de la Cha\u00eene des Puys car il s\u2019agit d\u2019un\u00a0<b><a href=\"\/science\/reperes\/glossaire\/#1668609828624-841a26dd-f53c1aa2-532d\" target=\"_blank\" rel=\"noopener\">stratovolcan<\/a>\u00a0<\/b>: il s\u2019est \u00e9difi\u00e9 progressivement en de multiples phases successives, \u00e9tal\u00e9es sur une p\u00e9riode de 8 Ma environ.<\/p>\n<p>Au cours de l\u2019activit\u00e9 du Cantal qui a d\u00e9but\u00e9 il y a 11 Ma, des dynamismes vari\u00e9s, <a href=\"\/science\/reperes\/glossaire\/#1668608764800-234eaf1b-0cfe1aa2-532d\" target=\"_blank\" rel=\"noopener\">effusifs<\/a> ou explosifs, ont altern\u00e9. Les mat\u00e9riaux de ces innombrables \u00e9ruptions (coul\u00e9es, br\u00e8ches d\u2019explosions et d\u2019effondrements, projections, constructions de c\u00f4nes et de d\u00f4mes, d\u00e9p\u00f4ts <a href=\"\/science\/reperes\/glossaire\/#1668609657967-7914afa5-a1801aa2-532d\" target=\"_blank\" rel=\"noopener\">pyroclastiques<\/a>, etc.) se sont empil\u00e9s pour constituer un imposant <a href=\"\/science\/reperes\/glossaire\/#1668609828624-841a26dd-f53c1aa2-532d\" target=\"_blank\" rel=\"noopener\">strato-volcan<\/a> dont l\u2019altitude devait avoisiner 4 000 m. Ce massif a \u00e9t\u00e9 d\u00e9capit\u00e9 par de gigantesques effondrements de ses flancs, produisant d\u2019\u00e9normes quantit\u00e9s de br\u00e8ches volcaniques \u00e0 son pi\u00e9mont. L\u2019implacable travail d\u2019\u00e9rosion des glaciers l\u2019a ensuite largement remodel\u00e9.<\/p>\n<p>Dernier n\u00e9 de l\u2019\u00e9difice, le\u00a0<b>Plomb du Cantal<\/b>\u00a0est un petit appareil <a href=\"\/science\/reperes\/glossaire\/#1668609852061-68421096-ba4b1aa2-532d\" target=\"_blank\" rel=\"noopener\">strombolien<\/a> form\u00e9 il y a 3 Ma.<\/p>\n<p>Les \u00ab\u00a0<b>plan\u00e8zes<\/b>\u00a0\u00bb, vastes plateaux doucement inclin\u00e9s vers l\u2019ext\u00e9rieur du volcan, correspondent \u00e0 de vastes coul\u00e9es basaltiques. Tr\u00e8s fluides, elles ont napp\u00e9 les surfaces de br\u00e8ches sous-jacentes. Le <a href=\"\/science\/reperes\/glossaire\/#1668608406291-83839136-5e0c1aa2-532d\" target=\"_blank\" rel=\"noopener\">basalte<\/a> \u00e9tant une roche plus dure que l\u2019encaissant, ces coul\u00e9es, d\u00e9gag\u00e9es par l\u2019\u00e9rosion, apparaissent souvent \u00ab perch\u00e9es \u00bb par inversion de relief. La ville de\u00a0<b>Saint-Flour<\/b>\u00a0est construite en bordure d\u2019une grande plan\u00e8ze. De magnifiques\u00a0<b>orgues basaltiques<\/b>\u00a0ornent le soubassement de la ville.<\/p>\n<p><b>Chaudes-Aigues<\/b>\u00a0est renomm\u00e9e pour ses\u00a0<b>sources<\/b>\u00a0dont les eaux, jaillissant \u00e0 82 \u00b0C, sont\u00a0<b>les plus chaudes d\u2019Europe continentale<\/b>. N\u00e9anmoins, contrairement aux id\u00e9es re\u00e7ues, l\u2019eau de ces sources ne doit pas sa temp\u00e9rature au volcanisme, mais \u00e0 la profondeur du r\u00e9seau de fractures dans lesquelles elle s\u2019infiltre, circule et se r\u00e9chauffe avant de rejaillir en surface \u00e0 la faveur d\u2019une faille.[\/vc_column_text][\/vc_column][vc_column width=\u00a0\u00bb1\/12&Prime;][\/vc_column][\/vc_row][vc_row][vc_column width=\u00a0\u00bb1\/12&Prime;][\/vc_column][vc_column width=\u00a0\u00bb10\/12&Prime;][vc_column_text]<\/p>\n<h3>Les autres ensembles g\u00e9ologiques de l&rsquo;Auvergne volcanique :<\/h3>\n<p>[\/vc_column_text][vc_basic_grid post_type=\u00a0\u00bbpage\u00a0\u00bb max_items=\u00a0\u00bb10&Prime; element_width=\u00a0\u00bb3&Prime; item=\u00a0\u00bb573&Prime; grid_id=\u00a0\u00bbvc_gid:1679476126473-7f5896a5-a3ab-9&Prime; taxonomies=\u00a0\u00bb18&Prime;][\/vc_column][vc_column width=\u00a0\u00bb1\/12&Prime;][\/vc_column][\/vc_row][vc_row][vc_column]<div class=\"templatera_shortcode\"><div class=\"vc_row wpb_row vc_row-fluid noprint\"><div class=\"wpb_column vc_column_container vc_col-sm-12\"><div class=\"vc_column-inner\"><div class=\"wpb_wrapper\"><div class=\"vc_separator wpb_content_element vc_separator_align_center vc_sep_width_100 vc_sep_dashed vc_sep_pos_align_center vc_separator-has-text\" ><span class=\"vc_sep_holder vc_sep_holder_l\"><span style=\"border-color:#888888;\" class=\"vc_sep_line\"><\/span><\/span><h4>Exp\u00e9rimentez \u00e0 Vulcania<\/h4><span class=\"vc_sep_holder vc_sep_holder_r\"><span style=\"border-color:#888888;\" class=\"vc_sep_line\"><\/span><\/span>\n<\/div><div class=\"vc_row wpb_row vc_inner vc_row-fluid\"><div class=\"wpb_column vc_column_container vc_col-sm-1\"><div class=\"vc_column-inner\"><div class=\"wpb_wrapper\"><\/div><\/div><\/div><div class=\"wpb_column vc_column_container vc_col-sm-5\"><div class=\"vc_column-inner\"><div class=\"wpb_wrapper\">\n\t<div  class=\"wpb_single_image wpb_content_element vc_align_left\">\n\t\t\n\t\t<figure class=\"wpb_wrapper vc_figure\">\n\t\t\t<a href=\"https:\/\/www.vulcania.com\/animation\/reveil-des-geants-d-auvergne\/\" target=\"_self\" class=\"vc_single_image-wrapper vc_box_rounded  vc_box_border_grey\"><img loading=\"lazy\" decoding=\"async\" width=\"585\" height=\"281\" src=\"https:\/\/www.vulcania.com\/science\/wp-content\/uploads\/2021\/03\/reveil-des-geants-auvergne_600x288-585x281.jpg\" class=\"vc_single_image-img attachment-medium\" alt=\"\" title=\"reveil-des-geants-auvergne_600x288\" srcset=\"https:\/\/www.vulcania.com\/science\/wp-content\/uploads\/2021\/03\/reveil-des-geants-auvergne_600x288-585x281.jpg 585w, https:\/\/www.vulcania.com\/science\/wp-content\/uploads\/2021\/03\/reveil-des-geants-auvergne_600x288.jpg 600w\" sizes=\"(max-width: 585px) 100vw, 585px\" \/><\/a>\n\t\t<\/figure>\n\t<\/div>\n<\/div><\/div><\/div><div class=\"wpb_column vc_column_container vc_col-sm-5\"><div class=\"vc_column-inner\"><div class=\"wpb_wrapper\">\n\t<div class=\"wpb_text_column wpb_content_element \" >\n\t\t<div class=\"wpb_wrapper\">\n\t\t\t<h3>R\u00e9veil des G\u00e9ants d'Auvergne<\/h3>\n<p>Depuis environ 7000 ans, le volcanisme d'Auvergne semble en sommeil... Et si les volcans de la Cha\u00eene des Puys se r\u00e9veillaient ? Vivez en direct leur r\u00e9veil dans cette attraction dynamique !<\/p>\n\n\t\t<\/div>\n\t<\/div>\n<div class=\"vc_btn3-container  bouton coul-1 vc_btn3-inline\" ><a class=\"vc_general vc_btn3 vc_btn3-size-md vc_btn3-shape-rounded vc_btn3-style-modern vc_btn3-color-grey\" href=\"https:\/\/www.vulcania.com\/animation\/reveil-des-geants-d-auvergne\/\" title=\"\">En savoir plus sur \"R\u00e9veil des g\u00e9ants d'Auvergne\"<\/a><\/div><\/div><\/div><\/div><div class=\"wpb_column vc_column_container vc_col-sm-1\"><div class=\"vc_column-inner\"><div class=\"wpb_wrapper\"><\/div><\/div><\/div><\/div><\/div><\/div><\/div><\/div><\/div>[\/vc_column][\/vc_row]<\/p>\n<\/div>","protected":false},"excerpt":{"rendered":"Exp\u00e9rimentez \u00e0 Vulcania R\u00e9veil des G\u00e9ants d'Auvergne Depuis environ 7000 ans, le volcanisme d'Auvergne semble en sommeil... Et si les volcans de la Cha\u00eene des Puys se r\u00e9veillaient ? Vivez en direct leur r\u00e9veil dans cette attraction dynamique ! En savoir plus sur \"R\u00e9veil des g\u00e9ants d'Auvergne\"","protected":false},"author":4,"featured_media":761,"parent":227,"menu_order":0,"comment_status":"closed","ping_status":"closed","template":"","meta":{"footnotes":""},"tags":[18],"acf":[],"yoast_head":"<!-- This site is optimized with the Yoast SEO plugin v21.9.1 - https:\/\/yoast.com\/wordpress\/plugins\/seo\/ -->\n<title>Cantal : tout savoir sur le plus grand volcan d&#039;Europe avec Vulcania<\/title>\n<meta name=\"description\" content=\"Retrouvez toutes les sp\u00e9cificit\u00e9s du Cantal, ce volcan culminant \u00e0 1855m et \u00e2g\u00e9 de 6,7 millions d&#039;ann\u00e9es. Les scientifiques de Vulcania vous disent tout ! et \u00e2g\u00e9 de 6,7 millions d&#039;ann\u00e9es. Les scientifiques de Vulcania vous disent tout !\" \/>\n<meta name=\"robots\" content=\"index, follow, max-snippet:-1, max-image-preview:large, max-video-preview:-1\" \/>\n<link rel=\"canonical\" href=\"https:\/\/www.vulcania.com\/science\/auvergne\/volcans-dauvergne\/le-cantal\/\" \/>\n<meta property=\"og:locale\" content=\"fr_FR\" \/>\n<meta property=\"og:type\" content=\"article\" \/>\n<meta property=\"og:title\" content=\"Cantal : tout savoir sur le plus grand volcan d&#039;Europe avec Vulcania\" \/>\n<meta property=\"og:description\" content=\"Retrouvez toutes les sp\u00e9cificit\u00e9s du Cantal, ce volcan culminant \u00e0 1855m et \u00e2g\u00e9 de 6,7 millions d&#039;ann\u00e9es. Les scientifiques de Vulcania vous disent tout !\" \/>\n<meta property=\"og:url\" content=\"https:\/\/www.vulcania.com\/science\/auvergne\/volcans-dauvergne\/le-cantal\/\" \/>\n<meta property=\"og:site_name\" content=\"Vulcania Sciences\" \/>\n<meta property=\"article:publisher\" content=\"https:\/\/www.facebook.com\/ParcVulcania\" \/>\n<meta property=\"article:modified_time\" content=\"2023-03-22T09:09:36+00:00\" \/>\n<meta property=\"og:image\" content=\"https:\/\/www.vulcania.com\/science\/wp-content\/uploads\/2023\/02\/opengraph-cantal_1200x630.jpg\" \/>\n\t<meta property=\"og:image:width\" content=\"1200\" \/>\n\t<meta property=\"og:image:height\" content=\"630\" \/>\n\t<meta property=\"og:image:type\" content=\"image\/jpeg\" \/>\n<meta name=\"twitter:card\" content=\"summary_large_image\" \/>\n<meta name=\"twitter:title\" content=\"Cantal : tout savoir sur le plus grand volcan d&#039;Europe avec Vulcania\" \/>\n<meta name=\"twitter:description\" content=\"Retrouvez toutes les sp\u00e9cificit\u00e9s du Cantal, ce volcan culminant \u00e0 1855m et \u00e2g\u00e9 de 6,7 millions d&#039;ann\u00e9es. Les scientifiques de Vulcania vous disent tout !\" \/>\n<meta name=\"twitter:image\" content=\"https:\/\/www.vulcania.com\/science\/wp-content\/uploads\/2023\/02\/opengraph-cantal_1200x630.jpg\" \/>\n<meta name=\"twitter:site\" content=\"@parc_vulcania\" \/>\n<meta name=\"twitter:label1\" content=\"Dur\u00e9e de lecture estim\u00e9e\" \/>\n\t<meta name=\"twitter:data1\" content=\"2 minutes\" \/>\n<script type=\"application\/ld+json\" class=\"yoast-schema-graph\">{\"@context\":\"https:\/\/schema.org\",\"@graph\":[{\"@type\":\"WebPage\",\"@id\":\"https:\/\/www.vulcania.com\/science\/auvergne\/volcans-dauvergne\/le-cantal\/\",\"url\":\"https:\/\/www.vulcania.com\/science\/auvergne\/volcans-dauvergne\/le-cantal\/\",\"name\":\"Cantal : tout savoir sur le plus grand volcan d'Europe avec Vulcania\",\"isPartOf\":{\"@id\":\"https:\/\/www.vulcania.com\/science\/#website\"},\"datePublished\":\"2021-03-31T14:20:10+00:00\",\"dateModified\":\"2023-03-22T09:09:36+00:00\",\"description\":\"Retrouvez toutes les sp\u00e9cificit\u00e9s du Cantal, ce volcan culminant \u00e0 1855m et \u00e2g\u00e9 de 6,7 millions d'ann\u00e9es. Les scientifiques de Vulcania vous disent tout ! et \u00e2g\u00e9 de 6,7 millions d'ann\u00e9es. Les scientifiques de Vulcania vous disent tout !\",\"breadcrumb\":{\"@id\":\"https:\/\/www.vulcania.com\/science\/auvergne\/volcans-dauvergne\/le-cantal\/#breadcrumb\"},\"inLanguage\":\"fr-FR\",\"potentialAction\":[{\"@type\":\"ReadAction\",\"target\":[\"https:\/\/www.vulcania.com\/science\/auvergne\/volcans-dauvergne\/le-cantal\/\"]}]},{\"@type\":\"BreadcrumbList\",\"@id\":\"https:\/\/www.vulcania.com\/science\/auvergne\/volcans-dauvergne\/le-cantal\/#breadcrumb\",\"itemListElement\":[{\"@type\":\"ListItem\",\"position\":1,\"name\":\"Accueil\",\"item\":\"https:\/\/www.vulcania.com\/science\/\"},{\"@type\":\"ListItem\",\"position\":2,\"name\":\"Auvergne\",\"item\":\"https:\/\/www.vulcania.com\/science\/auvergne\/\"},{\"@type\":\"ListItem\",\"position\":3,\"name\":\"Volcans d&rsquo;Auvergne\",\"item\":\"https:\/\/www.vulcania.com\/science\/auvergne\/volcans-dauvergne\/\"},{\"@type\":\"ListItem\",\"position\":4,\"name\":\"Le Cantal\"}]},{\"@type\":\"WebSite\",\"@id\":\"https:\/\/www.vulcania.com\/science\/#website\",\"url\":\"https:\/\/www.vulcania.com\/science\/\",\"name\":\"Vulcania Sciences\",\"description\":\"\",\"publisher\":{\"@id\":\"https:\/\/www.vulcania.com\/science\/#organization\"},\"potentialAction\":[{\"@type\":\"SearchAction\",\"target\":{\"@type\":\"EntryPoint\",\"urlTemplate\":\"https:\/\/www.vulcania.com\/science\/?s={search_term_string}\"},\"query-input\":\"required name=search_term_string\"}],\"inLanguage\":\"fr-FR\"},{\"@type\":\"Organization\",\"@id\":\"https:\/\/www.vulcania.com\/science\/#organization\",\"name\":\"Vulcania Sciences\",\"url\":\"https:\/\/www.vulcania.com\/science\/\",\"logo\":{\"@type\":\"ImageObject\",\"inLanguage\":\"fr-FR\",\"@id\":\"https:\/\/www.vulcania.com\/science\/#\/schema\/logo\/image\/\",\"url\":\"https:\/\/www.vulcania.com\/science\/wp-content\/uploads\/2017\/06\/logo.png\",\"contentUrl\":\"https:\/\/www.vulcania.com\/science\/wp-content\/uploads\/2017\/06\/logo.png\",\"width\":314,\"height\":142,\"caption\":\"Vulcania Sciences\"},\"image\":{\"@id\":\"https:\/\/www.vulcania.com\/science\/#\/schema\/logo\/image\/\"},\"sameAs\":[\"https:\/\/www.facebook.com\/ParcVulcania\",\"https:\/\/twitter.com\/parc_vulcania\",\"https:\/\/www.youtube.com\/user\/ParcVulcania\"]}]}<\/script>\n<!-- \/ Yoast SEO plugin. -->","yoast_head_json":{"title":"Cantal : tout savoir sur le plus grand volcan d'Europe avec Vulcania","description":"Retrouvez toutes les sp\u00e9cificit\u00e9s du Cantal, ce volcan culminant \u00e0 1855m et \u00e2g\u00e9 de 6,7 millions d'ann\u00e9es. Les scientifiques de Vulcania vous disent tout ! et \u00e2g\u00e9 de 6,7 millions d'ann\u00e9es. Les scientifiques de Vulcania vous disent tout !","robots":{"index":"index","follow":"follow","max-snippet":"max-snippet:-1","max-image-preview":"max-image-preview:large","max-video-preview":"max-video-preview:-1"},"canonical":"https:\/\/www.vulcania.com\/science\/auvergne\/volcans-dauvergne\/le-cantal\/","og_locale":"fr_FR","og_type":"article","og_title":"Cantal : tout savoir sur le plus grand volcan d'Europe avec Vulcania","og_description":"Retrouvez toutes les sp\u00e9cificit\u00e9s du Cantal, ce volcan culminant \u00e0 1855m et \u00e2g\u00e9 de 6,7 millions d'ann\u00e9es. Les scientifiques de Vulcania vous disent tout !","og_url":"https:\/\/www.vulcania.com\/science\/auvergne\/volcans-dauvergne\/le-cantal\/","og_site_name":"Vulcania Sciences","article_publisher":"https:\/\/www.facebook.com\/ParcVulcania","article_modified_time":"2023-03-22T09:09:36+00:00","og_image":[{"width":1200,"height":630,"url":"https:\/\/www.vulcania.com\/science\/wp-content\/uploads\/2023\/02\/opengraph-cantal_1200x630.jpg","type":"image\/jpeg"}],"twitter_card":"summary_large_image","twitter_title":"Cantal : tout savoir sur le plus grand volcan d'Europe avec Vulcania","twitter_description":"Retrouvez toutes les sp\u00e9cificit\u00e9s du Cantal, ce volcan culminant \u00e0 1855m et \u00e2g\u00e9 de 6,7 millions d'ann\u00e9es. Les scientifiques de Vulcania vous disent tout !","twitter_image":"https:\/\/www.vulcania.com\/science\/wp-content\/uploads\/2023\/02\/opengraph-cantal_1200x630.jpg","twitter_site":"@parc_vulcania","twitter_misc":{"Dur\u00e9e de lecture estim\u00e9e":"2 minutes"},"schema":{"@context":"https:\/\/schema.org","@graph":[{"@type":"WebPage","@id":"https:\/\/www.vulcania.com\/science\/auvergne\/volcans-dauvergne\/le-cantal\/","url":"https:\/\/www.vulcania.com\/science\/auvergne\/volcans-dauvergne\/le-cantal\/","name":"Cantal : tout savoir sur le plus grand volcan d'Europe avec Vulcania","isPartOf":{"@id":"https:\/\/www.vulcania.com\/science\/#website"},"datePublished":"2021-03-31T14:20:10+00:00","dateModified":"2023-03-22T09:09:36+00:00","description":"Retrouvez toutes les sp\u00e9cificit\u00e9s du Cantal, ce volcan culminant \u00e0 1855m et \u00e2g\u00e9 de 6,7 millions d'ann\u00e9es. Les scientifiques de Vulcania vous disent tout ! et \u00e2g\u00e9 de 6,7 millions d'ann\u00e9es. Les scientifiques de Vulcania vous disent tout !","breadcrumb":{"@id":"https:\/\/www.vulcania.com\/science\/auvergne\/volcans-dauvergne\/le-cantal\/#breadcrumb"},"inLanguage":"fr-FR","potentialAction":[{"@type":"ReadAction","target":["https:\/\/www.vulcania.com\/science\/auvergne\/volcans-dauvergne\/le-cantal\/"]}]},{"@type":"BreadcrumbList","@id":"https:\/\/www.vulcania.com\/science\/auvergne\/volcans-dauvergne\/le-cantal\/#breadcrumb","itemListElement":[{"@type":"ListItem","position":1,"name":"Accueil","item":"https:\/\/www.vulcania.com\/science\/"},{"@type":"ListItem","position":2,"name":"Auvergne","item":"https:\/\/www.vulcania.com\/science\/auvergne\/"},{"@type":"ListItem","position":3,"name":"Volcans d&rsquo;Auvergne","item":"https:\/\/www.vulcania.com\/science\/auvergne\/volcans-dauvergne\/"},{"@type":"ListItem","position":4,"name":"Le Cantal"}]},{"@type":"WebSite","@id":"https:\/\/www.vulcania.com\/science\/#website","url":"https:\/\/www.vulcania.com\/science\/","name":"Vulcania Sciences","description":"","publisher":{"@id":"https:\/\/www.vulcania.com\/science\/#organization"},"potentialAction":[{"@type":"SearchAction","target":{"@type":"EntryPoint","urlTemplate":"https:\/\/www.vulcania.com\/science\/?s={search_term_string}"},"query-input":"required name=search_term_string"}],"inLanguage":"fr-FR"},{"@type":"Organization","@id":"https:\/\/www.vulcania.com\/science\/#organization","name":"Vulcania Sciences","url":"https:\/\/www.vulcania.com\/science\/","logo":{"@type":"ImageObject","inLanguage":"fr-FR","@id":"https:\/\/www.vulcania.com\/science\/#\/schema\/logo\/image\/","url":"https:\/\/www.vulcania.com\/science\/wp-content\/uploads\/2017\/06\/logo.png","contentUrl":"https:\/\/www.vulcania.com\/science\/wp-content\/uploads\/2017\/06\/logo.png","width":314,"height":142,"caption":"Vulcania Sciences"},"image":{"@id":"https:\/\/www.vulcania.com\/science\/#\/schema\/logo\/image\/"},"sameAs":["https:\/\/www.facebook.com\/ParcVulcania","https:\/\/twitter.com\/parc_vulcania","https:\/\/www.youtube.com\/user\/ParcVulcania"]}]}},"_links":{"self":[{"href":"https:\/\/www.vulcania.com\/science\/wp-json\/wp\/v2\/pages\/375"}],"collection":[{"href":"https:\/\/www.vulcania.com\/science\/wp-json\/wp\/v2\/pages"}],"about":[{"href":"https:\/\/www.vulcania.com\/science\/wp-json\/wp\/v2\/types\/page"}],"author":[{"embeddable":true,"href":"https:\/\/www.vulcania.com\/science\/wp-json\/wp\/v2\/users\/4"}],"replies":[{"embeddable":true,"href":"https:\/\/www.vulcania.com\/science\/wp-json\/wp\/v2\/comments?post=375"}],"version-history":[{"count":28,"href":"https:\/\/www.vulcania.com\/science\/wp-json\/wp\/v2\/pages\/375\/revisions"}],"predecessor-version":[{"id":1403,"href":"https:\/\/www.vulcania.com\/science\/wp-json\/wp\/v2\/pages\/375\/revisions\/1403"}],"up":[{"embeddable":true,"href":"https:\/\/www.vulcania.com\/science\/wp-json\/wp\/v2\/pages\/227"}],"wp:featuredmedia":[{"embeddable":true,"href":"https:\/\/www.vulcania.com\/science\/wp-json\/wp\/v2\/media\/761"}],"wp:attachment":[{"href":"https:\/\/www.vulcania.com\/science\/wp-json\/wp\/v2\/media?parent=375"}],"wp:term":[{"taxonomy":"tags","embeddable":true,"href":"https:\/\/www.vulcania.com\/science\/wp-json\/wp\/v2\/tags?post=375"}],"curies":[{"name":"wp","href":"https:\/\/api.w.org\/{rel}","templated":true}]}}