{"id":471,"date":"2021-04-06T12:07:24","date_gmt":"2021-04-06T10:07:24","guid":{"rendered":"https:\/\/www.vulcania.com\/science\/?page_id=471"},"modified":"2025-10-21T16:55:53","modified_gmt":"2025-10-21T14:55:53","slug":"la-chronique-les-volcans-gardent-leur-feu-sacre","status":"publish","type":"page","link":"https:\/\/www.vulcania.com\/science\/la-chronique-les-volcans-gardent-leur-feu-sacre\/","title":{"rendered":"Les volcans gardent leur feu sacr\u00e9"},"content":{"rendered":"<div class=\"wpb-content-wrapper\"><p>[vc_row el_class=\u00a0\u00bbbloc-titre\u00a0\u00bb][vc_column width=\u00a0\u00bb1\/12&Prime;][\/vc_column][vc_column width=\u00a0\u00bb10\/12&Prime;][vc_text_separator title=\u00a0\u00bbLa chronique Vulcania, par l&rsquo;\u00e9quipe scientifique de Vulcania en partenariat avec La Montagne.\u00a0\u00bb color=\u00a0\u00bbcustom\u00a0\u00bb style=\u00a0\u00bbdashed\u00a0\u00bb accent_color=\u00a0\u00bb#888888&Prime;][vc_column_text]<\/p>\n<h2>Les volcans gardent leur feu sacr\u00e9<\/h2>\n<p><strong><em>Expression de volont\u00e9s souterraines col\u00e9riques, mais aussi protecteurs et symboles de fertilit\u00e9, les volcans sont intimement li\u00e9s aux traditions des populations qui les c\u00f4toient.<\/em><\/strong><\/p>\n<p class=\"bodytext\">Les volcans ont toujours \u00e9t\u00e9 l\u2019habitat privil\u00e9gi\u00e9 des divinit\u00e9s du feu. Les forges de Vulcain seraient en Italie, sous le Vulcano. Yahv\u00e9, dieu h\u00e9breu, appara\u00eet dans la Bible comme un volcan, tandis que les Incas craignaient Pachacamac, dieu \u00ab\u00a0sismique\u00a0\u00bb lanceur d\u2019\u00e9tincelles. N\u00e9e en 1963, l\u2019\u00eele islandaise de Surtsey fut pour sa part baptis\u00e9e en l\u2019honneur de Surtur, dieu du feu.<\/p>\n<p class=\"bodytext\">La plupart des volcans, v\u00e9n\u00e9r\u00e9s et souvent craints, ont \u00e9t\u00e9 l\u2019objet de v\u00e9ritables cultes, assortis de p\u00e8lerinages et d\u2019offrandes, voire de sacrifices. \u00c0 la fois destructeurs et g\u00e9n\u00e9rateurs de fertilit\u00e9, ils imposent \u00e0 l\u2019homme de vivre avec eux tout en les v\u00e9n\u00e9rant, pour les remercier et calmer leurs col\u00e8res.<\/p>\n<p class=\"bodytext\">Leur personnification est forte, souvent accompagn\u00e9e de connotations sexuelles et\/ou de f\u00e9condit\u00e9. Des peuplades p\u00e9ruviennes consid\u00e9raient ainsi que le volcan Misti engendrait or, argent et autres m\u00e9taux parce qu\u2019il \u00e9tait f\u00e9cond\u00e9 par l\u2019\u00e9clair.<\/p>\n<p class=\"bodytext\">Les volcans sont aussi source d&rsquo;inspiration artistique ; des repr\u00e9sentations d\u2019\u00e9ruptions existent d\u00e8s le N\u00e9olithique, bien avant toute \u00e9bauche de volcanologie (voir rep\u00e8re).<\/p>\n<h3>Quelques portraits<\/h3>\n<p class=\"bodytext\">Reine des volcans hawaiiens, la d\u00e9esse P\u00e9l\u00e9, incarn\u00e9e par une jeune femme aux longs cheveux, est install\u00e9e dans un crat\u00e8re du volcan Kilauea (*). Les hawaiiens lui font de nombreuses offrandes lors de c\u00e9r\u00e9monies annuelles.<\/p>\n<p class=\"bodytext\">L\u2019\u00eele grecque de Santorin est associ\u00e9e au mythe de la l\u00e9gendaire Atlantide, d\u00e9crite par Platon. Une grosse \u00e9ruption au XVIIe avant J.-C., et le <a href=\"\/science\/reperes\/glossaire\/#1668609970047-25aff42b-1c371aa2-532d\" target=\"_blank\" rel=\"noopener\">tsunami<\/a> associ\u00e9, auraient fait dispara\u00eetre de Cr\u00e8te la civilisation minoenne pour en sanctionner la d\u00e9cadence (*).<\/p>\n<p class=\"bodytext\">Pour les Massa\u00efs de Tanzanie, le volcan Lenga\u00ef repr\u00e9sente un v\u00e9ritable dieu vivant, qui leur aurait fourni le b\u00e9tail. Non loin de l\u00e0, le sommet du Mawenzi est dentel\u00e9 car son voisin, le c\u00e9l\u00e8bre Kilimandjaro, \u00ab\u00a0exc\u00e9d\u00e9 par ses demandes r\u00e9p\u00e9t\u00e9es pour avoir du feu, lui ass\u00e9na de grands coups de pilon\u00a0\u00bb.<\/p>\n<p class=\"bodytext\">En Sicile, les coul\u00e9es de l\u2019Etna seraient les rivi\u00e8res de sang du berger Acis, \u00e9cras\u00e9 par un cyclope pour avoir enlev\u00e9 la nymphe Galat\u00e9e. Selon une autre l\u00e9gende, c\u2019est le g\u00e9ant Encelade, enfoui sous l\u2019Etna apr\u00e8s s\u2019\u00eatre r\u00e9volt\u00e9 contre les dieux, qui provoquerait encore s\u00e9ismes et \u00e9ruptions. Des processions ont lieu en l\u2019honneur de saints protecteurs italiens : Sainte Agathe face \u00e0 l\u2019Etna, Saint Janvier pour \u00e9viter \u00e0 Naples les fureurs du V\u00e9suve.<\/p>\n<p class=\"bodytext\">Sur l\u2019\u00eele de La R\u00e9union, la Vierge au Parasol prot\u00e8ge gens, terres et biens des col\u00e8res du Piton de la Fournaise. Si une premi\u00e8re statue fut emport\u00e9e par une coul\u00e9e en 1961, la Vierge actuelle est au c\u0153ur d&rsquo;une grande procession, \u00e0 l&rsquo;occasion du 15 ao\u00fbt.<\/p>\n<p class=\"bodytext\">Les volcans indon\u00e9siens furent le th\u00e9\u00e2tre de rites allant jusqu\u2019au sacrifice humain. De nos jours, lors de la f\u00eate du \u00ab\u00a0Kesodo\u00a0\u00bb, la minorit\u00e9 hindouiste se rassemble au bord du crat\u00e8re du volcan Bromo (Java) et y jette des offrandes. En m\u00eame temps, des musulmans, agripp\u00e9s aux parois du crat\u00e8re, attrapent au vol cette manne adress\u00e9e \u00e0 Brahma (*).<\/p>\n<p class=\"bodytext\">Symbole japonais de puret\u00e9 et d\u2019\u00e9ternit\u00e9, le Fuji-San est sous la tutelle de la d\u00e9esse Fuji, r\u00e9put\u00e9e tr\u00e8s jalouse. L\u2019ascension du volcan fut interdite aux femmes jusqu\u2019en 1925. Chaque ann\u00e9e, des milliers de p\u00e8lerins gravissent son c\u00f4ne parfait.<\/p>\n<p class=\"bodytext\">Nombre de ces traditions li\u00e9es aux volcans, parfois tr\u00e8s anciennes, perdurent encore largement aujourd&rsquo;hui.<\/p>\n<p class=\"bodytext\">(*) voir Rep\u00e8res<\/p>\n<h3>A l&rsquo;origine de multiples querelles<\/h3>\n<p class=\"bodytext\">L&rsquo;\u00e9tude des volcans fut elle aussi concern\u00e9e par des repr\u00e9sentations parfois \u00e9piques. D\u00e8s l\u2019Antiquit\u00e9, Platon imagine un fleuve de feu souterrain alimentant les volcans, tandis qu\u2019Aristote insiste sur le r\u00f4le des vents, dont \u00ab\u00a0les turbulences dans ces montagnes creuses enflamment pierre, soufre et bitume\u00a0\u00bb.<\/p>\n<p class=\"bodytext\">Au XVIIIe, une querelle fit rage entre \u00ab\u00a0neptunistes\u00a0\u00bb et \u00ab\u00a0plutonistes\u00a0\u00bb. Les premiers donnaient une origine marine aux roches volcaniques, issues d\u2019un oc\u00e9an primordial. \u00c0 l\u2019inverse, les \u00ab\u00a0plutonistes\u00a0\u00bb d\u00e9fendaient l\u2019id\u00e9e d\u2019une chaleur interne, dont les volcans \u00e9taient l\u2019expression en surface et les roches les produits. Le discours religieux de l\u2019\u00e9poque pencha pour les neptunistes ; ainsi de Bernardin de Saint-Pierre, pour qui les volcans \u00e9taient en quelques sortes les \u00ab\u00a0incin\u00e9rateurs\u00a0\u00bb de la plan\u00e8te apr\u00e8s le D\u00e9luge, br\u00fblant la mati\u00e8re organique charri\u00e9e par les fleuves et les courants marins.<\/p>\n<p class=\"bodytext\">Le XIXe verra la th\u00e9orie des \u00ab\u00a0crat\u00e8res de soul\u00e8vement\u00a0\u00bb engendrer une autre querelle, en pr\u00f4nant l&rsquo;\u00e9mergence spontan\u00e9e des volcans : ceux-ci \u00e9taient cens\u00e9s \u00ab\u00a0pousser\u00a0\u00bb d&rsquo;un bloc par un gonflement terrestre localis\u00e9, au lieu de se construire par accumulation de laves !<\/p>\n<p>[\/vc_column_text][vc_row_inner content_placement=\u00a0\u00bbmiddle\u00a0\u00bb][vc_column_inner width=\u00a0\u00bb2\/3&Prime;][vc_column_text el_class=\u00a0\u00bbbloc contour\u00a0\u00bb]<\/p>\n<h3>Rep\u00e8res<\/h3>\n<p><b>T\u00e9moignage\u00a0<\/b>: la plus vieille repr\u00e9sentation d\u2019\u00e9ruption \u00e0 ce jour se trouve dans les fresques de \u00ab\u00a0Catal H\u00f6y\u00fck\u00a0\u00bb (Turquie), dat\u00e9es de neuf mille ans (N\u00e9olithique). On y reconna\u00eet la forme d\u2019un volcan en \u00e9ruption, peut-\u00eatre le Hasan Dagi.[\/vc_column_text][\/vc_column_inner][vc_column_inner width=\u00a0\u00bb1\/3&Prime;][vc_single_image image=\u00a0\u00bb481&Prime; img_size=\u00a0\u00bbmedium\u00a0\u00bb style=\u00a0\u00bbvc_box_rounded\u00a0\u00bb][\/vc_column_inner][\/vc_row_inner][\/vc_column][vc_column width=\u00a0\u00bb1\/12&Prime;][\/vc_column][\/vc_row][vc_row][vc_column]<div class=\"templatera_shortcode\"><div class=\"vc_row wpb_row vc_row-fluid noprint\"><div class=\"wpb_column vc_column_container vc_col-sm-12\"><div class=\"vc_column-inner\"><div class=\"wpb_wrapper\"><div class=\"vc_separator wpb_content_element vc_separator_align_center vc_sep_width_100 vc_sep_dashed vc_sep_pos_align_center vc_separator-has-text\" ><span class=\"vc_sep_holder vc_sep_holder_l\"><span style=\"border-color:#888888;\" class=\"vc_sep_line\"><\/span><\/span><h4>Exp\u00e9rimentez \u00e0 Vulcania<\/h4><span class=\"vc_sep_holder vc_sep_holder_r\"><span style=\"border-color:#888888;\" class=\"vc_sep_line\"><\/span><\/span>\n<\/div><div class=\"vc_row wpb_row vc_inner vc_row-fluid\"><div class=\"wpb_column vc_column_container vc_col-sm-1\"><div class=\"vc_column-inner\"><div class=\"wpb_wrapper\"><\/div><\/div><\/div><div class=\"wpb_column vc_column_container vc_col-sm-5\"><div class=\"vc_column-inner\"><div class=\"wpb_wrapper\">\n\t<div  class=\"wpb_single_image wpb_content_element vc_align_left\">\n\t\t\n\t\t<figure class=\"wpb_wrapper vc_figure\">\n\t\t\t<a href=\"https:\/\/www.vulcania.com\/animation\/volcans-sacres\/\" target=\"_self\" class=\"vc_single_image-wrapper vc_box_rounded  vc_box_border_grey\"><img loading=\"lazy\" decoding=\"async\" width=\"585\" height=\"281\" src=\"https:\/\/www.vulcania.com\/science\/wp-content\/uploads\/2023\/01\/experimentes-a-vulcania-volcans-sacres_600x288-585x281.jpg\" class=\"vc_single_image-img attachment-medium\" alt=\"Exp\u00e9rimentez \u00e0 Vulcania : Volcans sacr\u00e9s\" title=\"experimentez-a-vulcania-volcans-sacres_600x288\" srcset=\"https:\/\/www.vulcania.com\/science\/wp-content\/uploads\/2023\/01\/experimentes-a-vulcania-volcans-sacres_600x288-585x281.jpg 585w, https:\/\/www.vulcania.com\/science\/wp-content\/uploads\/2023\/01\/experimentes-a-vulcania-volcans-sacres_600x288.jpg 600w\" sizes=\"(max-width: 585px) 100vw, 585px\" \/><\/a>\n\t\t<\/figure>\n\t<\/div>\n<\/div><\/div><\/div><div class=\"wpb_column vc_column_container vc_col-sm-5\"><div class=\"vc_column-inner\"><div class=\"wpb_wrapper\">\n\t<div class=\"wpb_text_column wpb_content_element \" >\n\t\t<div class=\"wpb_wrapper\">\n\t\t\t<h4>Volcans sacr\u00e9s<\/h4>\n<p>Voyagez au c\u0153ur des l\u00e9gendes volcaniques ! Sur un parcours sensoriel, allez \u00e0 la rencontre de peuples aux quatre coins du monde pour d\u00e9couvrir leur relation aux volcans.<\/p>\n\n\t\t<\/div>\n\t<\/div>\n<div class=\"vc_btn3-container  bouton coul-1 vc_btn3-inline\" ><a class=\"vc_general vc_btn3 vc_btn3-size-md vc_btn3-shape-rounded vc_btn3-style-modern vc_btn3-color-grey\" href=\"https:\/\/www.vulcania.com\/animation\/volcans-sacres\/\" title=\"\">En savoir plus sur \"Volcans sacr\u00e9s\"<\/a><\/div><\/div><\/div><\/div><div class=\"wpb_column vc_column_container vc_col-sm-1\"><div class=\"vc_column-inner\"><div class=\"wpb_wrapper\"><\/div><\/div><\/div><\/div><\/div><\/div><\/div><\/div><\/div>[\/vc_column][\/vc_row]<\/p>\n<\/div>","protected":false},"excerpt":{"rendered":"Exp\u00e9rimentez \u00e0 Vulcania Volcans sacr\u00e9s Voyagez au c\u0153ur des l\u00e9gendes volcaniques ! Sur un parcours sensoriel, allez \u00e0 la rencontre de peuples aux quatre coins du monde pour d\u00e9couvrir leur relation aux volcans. En savoir plus sur \"Volcans sacr\u00e9s\"","protected":false},"author":4,"featured_media":1318,"parent":0,"menu_order":0,"comment_status":"closed","ping_status":"closed","template":"","meta":{"footnotes":""},"tags":[26,32],"acf":[],"yoast_head":"<!-- This site is optimized with the Yoast SEO plugin v21.9.1 - https:\/\/yoast.com\/wordpress\/plugins\/seo\/ -->\n<title>L\u00e9gendes et volcans : les volcans mythifi\u00e9s par les hommes<\/title>\n<meta name=\"description\" content=\"Comment les hommes ont-il per\u00e7u les volcans \u00e0 travers le monde et les \u00e2ges ? Retrouvez quelques mythes surprenants sur les volcans avec Vulcania.\" \/>\n<meta name=\"robots\" content=\"index, follow, max-snippet:-1, max-image-preview:large, max-video-preview:-1\" \/>\n<link rel=\"canonical\" href=\"https:\/\/www.vulcania.com\/science\/la-chronique-les-volcans-gardent-leur-feu-sacre\/\" \/>\n<meta property=\"og:locale\" content=\"fr_FR\" \/>\n<meta property=\"og:type\" content=\"article\" \/>\n<meta property=\"og:title\" content=\"L\u00e9gendes et volcans : les volcans mythifi\u00e9s par les hommes\" \/>\n<meta property=\"og:description\" content=\"Comment les hommes ont-il per\u00e7u les volcans \u00e0 travers le monde et les \u00e2ges ? Retrouvez quelques mythes surprenants sur les volcans avec Vulcania.\" \/>\n<meta property=\"og:url\" content=\"https:\/\/www.vulcania.com\/science\/la-chronique-les-volcans-gardent-leur-feu-sacre\/\" \/>\n<meta property=\"og:site_name\" content=\"Vulcania Sciences\" \/>\n<meta property=\"article:publisher\" content=\"https:\/\/www.facebook.com\/ParcVulcania\" \/>\n<meta property=\"article:modified_time\" content=\"2025-10-21T14:55:53+00:00\" \/>\n<meta property=\"og:image\" content=\"https:\/\/www.vulcania.com\/science\/wp-content\/uploads\/2023\/02\/opengraph_les-volcans-gardent-leur-feu-sacre_1200x630.jpg\" \/>\n\t<meta property=\"og:image:width\" content=\"1200\" \/>\n\t<meta property=\"og:image:height\" content=\"630\" \/>\n\t<meta property=\"og:image:type\" content=\"image\/jpeg\" \/>\n<meta name=\"twitter:card\" content=\"summary_large_image\" \/>\n<meta name=\"twitter:title\" content=\"L\u00e9gendes et volcans : les volcans mythifi\u00e9s par les hommes\" \/>\n<meta name=\"twitter:description\" content=\"Comment les hommes ont-il per\u00e7u les volcans \u00e0 travers le monde et les \u00e2ges ? Retrouvez quelques mythes surprenants sur les volcans avec Vulcania.\" \/>\n<meta name=\"twitter:image\" content=\"https:\/\/www.vulcania.com\/science\/wp-content\/uploads\/2023\/02\/opengraph_les-volcans-gardent-leur-feu-sacre_1200x630.jpg\" \/>\n<meta name=\"twitter:site\" content=\"@parc_vulcania\" \/>\n<meta name=\"twitter:label1\" content=\"Dur\u00e9e de lecture estim\u00e9e\" \/>\n\t<meta name=\"twitter:data1\" content=\"5 minutes\" \/>\n<script type=\"application\/ld+json\" class=\"yoast-schema-graph\">{\"@context\":\"https:\/\/schema.org\",\"@graph\":[{\"@type\":\"WebPage\",\"@id\":\"https:\/\/www.vulcania.com\/science\/la-chronique-les-volcans-gardent-leur-feu-sacre\/\",\"url\":\"https:\/\/www.vulcania.com\/science\/la-chronique-les-volcans-gardent-leur-feu-sacre\/\",\"name\":\"L\u00e9gendes et volcans : les volcans mythifi\u00e9s par les hommes\",\"isPartOf\":{\"@id\":\"https:\/\/www.vulcania.com\/science\/#website\"},\"datePublished\":\"2021-04-06T10:07:24+00:00\",\"dateModified\":\"2025-10-21T14:55:53+00:00\",\"description\":\"Comment les hommes ont-il per\u00e7u les volcans \u00e0 travers le monde et les \u00e2ges ? Retrouvez quelques mythes surprenants sur les volcans avec Vulcania.\",\"breadcrumb\":{\"@id\":\"https:\/\/www.vulcania.com\/science\/la-chronique-les-volcans-gardent-leur-feu-sacre\/#breadcrumb\"},\"inLanguage\":\"fr-FR\",\"potentialAction\":[{\"@type\":\"ReadAction\",\"target\":[\"https:\/\/www.vulcania.com\/science\/la-chronique-les-volcans-gardent-leur-feu-sacre\/\"]}]},{\"@type\":\"BreadcrumbList\",\"@id\":\"https:\/\/www.vulcania.com\/science\/la-chronique-les-volcans-gardent-leur-feu-sacre\/#breadcrumb\",\"itemListElement\":[{\"@type\":\"ListItem\",\"position\":1,\"name\":\"Accueil\",\"item\":\"https:\/\/www.vulcania.com\/science\/\"},{\"@type\":\"ListItem\",\"position\":2,\"name\":\"Les volcans gardent leur feu sacr\u00e9\"}]},{\"@type\":\"WebSite\",\"@id\":\"https:\/\/www.vulcania.com\/science\/#website\",\"url\":\"https:\/\/www.vulcania.com\/science\/\",\"name\":\"Vulcania Sciences\",\"description\":\"\",\"publisher\":{\"@id\":\"https:\/\/www.vulcania.com\/science\/#organization\"},\"potentialAction\":[{\"@type\":\"SearchAction\",\"target\":{\"@type\":\"EntryPoint\",\"urlTemplate\":\"https:\/\/www.vulcania.com\/science\/?s={search_term_string}\"},\"query-input\":\"required name=search_term_string\"}],\"inLanguage\":\"fr-FR\"},{\"@type\":\"Organization\",\"@id\":\"https:\/\/www.vulcania.com\/science\/#organization\",\"name\":\"Vulcania Sciences\",\"url\":\"https:\/\/www.vulcania.com\/science\/\",\"logo\":{\"@type\":\"ImageObject\",\"inLanguage\":\"fr-FR\",\"@id\":\"https:\/\/www.vulcania.com\/science\/#\/schema\/logo\/image\/\",\"url\":\"https:\/\/www.vulcania.com\/science\/wp-content\/uploads\/2017\/06\/logo.png\",\"contentUrl\":\"https:\/\/www.vulcania.com\/science\/wp-content\/uploads\/2017\/06\/logo.png\",\"width\":314,\"height\":142,\"caption\":\"Vulcania Sciences\"},\"image\":{\"@id\":\"https:\/\/www.vulcania.com\/science\/#\/schema\/logo\/image\/\"},\"sameAs\":[\"https:\/\/www.facebook.com\/ParcVulcania\",\"https:\/\/twitter.com\/parc_vulcania\",\"https:\/\/www.youtube.com\/user\/ParcVulcania\"]}]}<\/script>\n<!-- \/ Yoast SEO plugin. -->","yoast_head_json":{"title":"L\u00e9gendes et volcans : les volcans mythifi\u00e9s par les hommes","description":"Comment les hommes ont-il per\u00e7u les volcans \u00e0 travers le monde et les \u00e2ges ? Retrouvez quelques mythes surprenants sur les volcans avec Vulcania.","robots":{"index":"index","follow":"follow","max-snippet":"max-snippet:-1","max-image-preview":"max-image-preview:large","max-video-preview":"max-video-preview:-1"},"canonical":"https:\/\/www.vulcania.com\/science\/la-chronique-les-volcans-gardent-leur-feu-sacre\/","og_locale":"fr_FR","og_type":"article","og_title":"L\u00e9gendes et volcans : les volcans mythifi\u00e9s par les hommes","og_description":"Comment les hommes ont-il per\u00e7u les volcans \u00e0 travers le monde et les \u00e2ges ? Retrouvez quelques mythes surprenants sur les volcans avec Vulcania.","og_url":"https:\/\/www.vulcania.com\/science\/la-chronique-les-volcans-gardent-leur-feu-sacre\/","og_site_name":"Vulcania Sciences","article_publisher":"https:\/\/www.facebook.com\/ParcVulcania","article_modified_time":"2025-10-21T14:55:53+00:00","og_image":[{"width":1200,"height":630,"url":"https:\/\/www.vulcania.com\/science\/wp-content\/uploads\/2023\/02\/opengraph_les-volcans-gardent-leur-feu-sacre_1200x630.jpg","type":"image\/jpeg"}],"twitter_card":"summary_large_image","twitter_title":"L\u00e9gendes et volcans : les volcans mythifi\u00e9s par les hommes","twitter_description":"Comment les hommes ont-il per\u00e7u les volcans \u00e0 travers le monde et les \u00e2ges ? Retrouvez quelques mythes surprenants sur les volcans avec Vulcania.","twitter_image":"https:\/\/www.vulcania.com\/science\/wp-content\/uploads\/2023\/02\/opengraph_les-volcans-gardent-leur-feu-sacre_1200x630.jpg","twitter_site":"@parc_vulcania","twitter_misc":{"Dur\u00e9e de lecture estim\u00e9e":"5 minutes"},"schema":{"@context":"https:\/\/schema.org","@graph":[{"@type":"WebPage","@id":"https:\/\/www.vulcania.com\/science\/la-chronique-les-volcans-gardent-leur-feu-sacre\/","url":"https:\/\/www.vulcania.com\/science\/la-chronique-les-volcans-gardent-leur-feu-sacre\/","name":"L\u00e9gendes et volcans : les volcans mythifi\u00e9s par les hommes","isPartOf":{"@id":"https:\/\/www.vulcania.com\/science\/#website"},"datePublished":"2021-04-06T10:07:24+00:00","dateModified":"2025-10-21T14:55:53+00:00","description":"Comment les hommes ont-il per\u00e7u les volcans \u00e0 travers le monde et les \u00e2ges ? Retrouvez quelques mythes surprenants sur les volcans avec Vulcania.","breadcrumb":{"@id":"https:\/\/www.vulcania.com\/science\/la-chronique-les-volcans-gardent-leur-feu-sacre\/#breadcrumb"},"inLanguage":"fr-FR","potentialAction":[{"@type":"ReadAction","target":["https:\/\/www.vulcania.com\/science\/la-chronique-les-volcans-gardent-leur-feu-sacre\/"]}]},{"@type":"BreadcrumbList","@id":"https:\/\/www.vulcania.com\/science\/la-chronique-les-volcans-gardent-leur-feu-sacre\/#breadcrumb","itemListElement":[{"@type":"ListItem","position":1,"name":"Accueil","item":"https:\/\/www.vulcania.com\/science\/"},{"@type":"ListItem","position":2,"name":"Les volcans gardent leur feu sacr\u00e9"}]},{"@type":"WebSite","@id":"https:\/\/www.vulcania.com\/science\/#website","url":"https:\/\/www.vulcania.com\/science\/","name":"Vulcania Sciences","description":"","publisher":{"@id":"https:\/\/www.vulcania.com\/science\/#organization"},"potentialAction":[{"@type":"SearchAction","target":{"@type":"EntryPoint","urlTemplate":"https:\/\/www.vulcania.com\/science\/?s={search_term_string}"},"query-input":"required name=search_term_string"}],"inLanguage":"fr-FR"},{"@type":"Organization","@id":"https:\/\/www.vulcania.com\/science\/#organization","name":"Vulcania Sciences","url":"https:\/\/www.vulcania.com\/science\/","logo":{"@type":"ImageObject","inLanguage":"fr-FR","@id":"https:\/\/www.vulcania.com\/science\/#\/schema\/logo\/image\/","url":"https:\/\/www.vulcania.com\/science\/wp-content\/uploads\/2017\/06\/logo.png","contentUrl":"https:\/\/www.vulcania.com\/science\/wp-content\/uploads\/2017\/06\/logo.png","width":314,"height":142,"caption":"Vulcania Sciences"},"image":{"@id":"https:\/\/www.vulcania.com\/science\/#\/schema\/logo\/image\/"},"sameAs":["https:\/\/www.facebook.com\/ParcVulcania","https:\/\/twitter.com\/parc_vulcania","https:\/\/www.youtube.com\/user\/ParcVulcania"]}]}},"_links":{"self":[{"href":"https:\/\/www.vulcania.com\/science\/wp-json\/wp\/v2\/pages\/471"}],"collection":[{"href":"https:\/\/www.vulcania.com\/science\/wp-json\/wp\/v2\/pages"}],"about":[{"href":"https:\/\/www.vulcania.com\/science\/wp-json\/wp\/v2\/types\/page"}],"author":[{"embeddable":true,"href":"https:\/\/www.vulcania.com\/science\/wp-json\/wp\/v2\/users\/4"}],"replies":[{"embeddable":true,"href":"https:\/\/www.vulcania.com\/science\/wp-json\/wp\/v2\/comments?post=471"}],"version-history":[{"count":15,"href":"https:\/\/www.vulcania.com\/science\/wp-json\/wp\/v2\/pages\/471\/revisions"}],"predecessor-version":[{"id":1927,"href":"https:\/\/www.vulcania.com\/science\/wp-json\/wp\/v2\/pages\/471\/revisions\/1927"}],"wp:featuredmedia":[{"embeddable":true,"href":"https:\/\/www.vulcania.com\/science\/wp-json\/wp\/v2\/media\/1318"}],"wp:attachment":[{"href":"https:\/\/www.vulcania.com\/science\/wp-json\/wp\/v2\/media?parent=471"}],"wp:term":[{"taxonomy":"tags","embeddable":true,"href":"https:\/\/www.vulcania.com\/science\/wp-json\/wp\/v2\/tags?post=471"}],"curies":[{"name":"wp","href":"https:\/\/api.w.org\/{rel}","templated":true}]}}